{"id":9621,"date":"2015-10-02T14:09:13","date_gmt":"2015-10-02T12:09:13","guid":{"rendered":"https:\/\/minuartia.c.wetopi.com\/project\/redaccion-del-plan-de-mejora-de-la-conectividad-ecologica-en-andalucia-en-el-marco-de-los-planes-de-gestion-de-especies-y-habitats-amenazados\/"},"modified":"2015-10-02T14:09:13","modified_gmt":"2015-10-02T12:09:13","slug":"redaccion-del-plan-de-mejora-de-la-conectividad-ecologica-en-andalucia-en-el-marco-de-los-planes-de-gestion-de-especies-y-habitats-amenazados","status":"publish","type":"project","link":"https:\/\/minuartia.com\/es\/project\/redaccion-del-plan-de-mejora-de-la-conectividad-ecologica-en-andalucia-en-el-marco-de-los-planes-de-gestion-de-especies-y-habitats-amenazados\/","title":{"rendered":"Redacci\u00f3n del plan de mejora de la conectividad ecol\u00f3gica en Andaluc\u00eda en el marco de los planes de gesti\u00f3n de especies y h\u00e1bitats amenazados."},"content":{"rendered":"<p>EGMASA &#8211; Consejer\u00eda de Medio Ambiente. Junta de Andaluc\u00eda. <\/p>\n","protected":false},"excerpt":{"rendered":"<p>EGMASA &#8211; Consejer\u00eda de Medio Ambiente. Junta de Andaluc\u00eda.<\/p>\n","protected":false},"featured_media":6069,"template":"","tags":[],"projectes":[],"project-categories":[2813,2823],"class_list":["post-9621","project","type-project","status-publish","has-post-thumbnail","hentry","project-categories-conservacion-de-la-naturaleza","project-categories-seguimientos-de-fauna-y-flora"],"acf":[],"yoast_head":"<!-- This site is optimized with the Yoast SEO plugin v27.4 - https:\/\/yoast.com\/product\/yoast-seo-wordpress\/ -->\n<title>Redacci\u00f3n del plan de mejora de la conectividad ecol\u00f3gica en Andaluc\u00eda en el marco de los planes de gesti\u00f3n de especies y h\u00e1bitats amenazados. | Minuartia<\/title>\n<meta name=\"description\" content=\"EGMASA - Consejer\u00eda de Medio Ambiente. Junta de Andaluc\u00eda.\" \/>\n<meta name=\"robots\" content=\"index, follow, max-snippet:-1, max-image-preview:large, max-video-preview:-1\" \/>\n<link rel=\"canonical\" href=\"https:\/\/minuartia.com\/es\/project\/redaccion-del-plan-de-mejora-de-la-conectividad-ecologica-en-andalucia-en-el-marco-de-los-planes-de-gestion-de-especies-y-habitats-amenazados\/\" \/>\n<meta property=\"og:locale\" content=\"es_ES\" \/>\n<meta property=\"og:type\" content=\"article\" \/>\n<meta property=\"og:title\" content=\"Redacci\u00f3n del plan de mejora de la conectividad ecol\u00f3gica en Andaluc\u00eda en el marco de los planes de gesti\u00f3n de especies y h\u00e1bitats amenazados. | Minuartia\" \/>\n<meta property=\"og:description\" content=\"EGMASA - Consejer\u00eda de Medio Ambiente. Junta de Andaluc\u00eda.\" \/>\n<meta property=\"og:url\" content=\"https:\/\/minuartia.com\/es\/project\/redaccion-del-plan-de-mejora-de-la-conectividad-ecologica-en-andalucia-en-el-marco-de-los-planes-de-gestion-de-especies-y-habitats-amenazados\/\" \/>\n<meta property=\"og:site_name\" content=\"Minuartia\" \/>\n<meta property=\"og:image\" content=\"https:\/\/minuartia.com\/wp-content\/uploads\/2023\/12\/Plan-mejora-conectividad-ecologica-Andalucia.jpg\" \/>\n\t<meta property=\"og:image:width\" content=\"854\" \/>\n\t<meta property=\"og:image:height\" content=\"552\" \/>\n\t<meta property=\"og:image:type\" content=\"image\/jpeg\" \/>\n<meta name=\"twitter:card\" content=\"summary_large_image\" \/>\n<meta name=\"twitter:site\" content=\"@minuartia_tw\" \/>\n<script type=\"application\/ld+json\" class=\"yoast-schema-graph\">{\"@context\":\"https:\\\/\\\/schema.org\",\"@graph\":[{\"@type\":\"WebPage\",\"@id\":\"https:\\\/\\\/minuartia.com\\\/es\\\/project\\\/redaccion-del-plan-de-mejora-de-la-conectividad-ecologica-en-andalucia-en-el-marco-de-los-planes-de-gestion-de-especies-y-habitats-amenazados\\\/\",\"url\":\"https:\\\/\\\/minuartia.com\\\/es\\\/project\\\/redaccion-del-plan-de-mejora-de-la-conectividad-ecologica-en-andalucia-en-el-marco-de-los-planes-de-gestion-de-especies-y-habitats-amenazados\\\/\",\"name\":\"Redacci\u00f3n del plan de mejora de la conectividad ecol\u00f3gica en Andaluc\u00eda en el marco de los planes de gesti\u00f3n de especies y h\u00e1bitats amenazados. | Minuartia\",\"isPartOf\":{\"@id\":\"https:\\\/\\\/minuartia.com\\\/es\\\/#website\"},\"primaryImageOfPage\":{\"@id\":\"https:\\\/\\\/minuartia.com\\\/es\\\/project\\\/redaccion-del-plan-de-mejora-de-la-conectividad-ecologica-en-andalucia-en-el-marco-de-los-planes-de-gestion-de-especies-y-habitats-amenazados\\\/#primaryimage\"},\"image\":{\"@id\":\"https:\\\/\\\/minuartia.com\\\/es\\\/project\\\/redaccion-del-plan-de-mejora-de-la-conectividad-ecologica-en-andalucia-en-el-marco-de-los-planes-de-gestion-de-especies-y-habitats-amenazados\\\/#primaryimage\"},\"thumbnailUrl\":\"https:\\\/\\\/minuartia.com\\\/wp-content\\\/uploads\\\/2023\\\/12\\\/Plan-mejora-conectividad-ecologica-Andalucia.jpg\",\"datePublished\":\"2015-10-02T12:09:13+00:00\",\"description\":\"EGMASA - Consejer\u00eda de Medio Ambiente. Junta de Andaluc\u00eda.\",\"breadcrumb\":{\"@id\":\"https:\\\/\\\/minuartia.com\\\/es\\\/project\\\/redaccion-del-plan-de-mejora-de-la-conectividad-ecologica-en-andalucia-en-el-marco-de-los-planes-de-gestion-de-especies-y-habitats-amenazados\\\/#breadcrumb\"},\"inLanguage\":\"es\",\"potentialAction\":[{\"@type\":\"ReadAction\",\"target\":[\"https:\\\/\\\/minuartia.com\\\/es\\\/project\\\/redaccion-del-plan-de-mejora-de-la-conectividad-ecologica-en-andalucia-en-el-marco-de-los-planes-de-gestion-de-especies-y-habitats-amenazados\\\/\"]}]},{\"@type\":\"ImageObject\",\"inLanguage\":\"es\",\"@id\":\"https:\\\/\\\/minuartia.com\\\/es\\\/project\\\/redaccion-del-plan-de-mejora-de-la-conectividad-ecologica-en-andalucia-en-el-marco-de-los-planes-de-gestion-de-especies-y-habitats-amenazados\\\/#primaryimage\",\"url\":\"https:\\\/\\\/minuartia.com\\\/wp-content\\\/uploads\\\/2023\\\/12\\\/Plan-mejora-conectividad-ecologica-Andalucia.jpg\",\"contentUrl\":\"https:\\\/\\\/minuartia.com\\\/wp-content\\\/uploads\\\/2023\\\/12\\\/Plan-mejora-conectividad-ecologica-Andalucia.jpg\",\"width\":854,\"height\":552},{\"@type\":\"BreadcrumbList\",\"@id\":\"https:\\\/\\\/minuartia.com\\\/es\\\/project\\\/redaccion-del-plan-de-mejora-de-la-conectividad-ecologica-en-andalucia-en-el-marco-de-los-planes-de-gestion-de-especies-y-habitats-amenazados\\\/#breadcrumb\",\"itemListElement\":[{\"@type\":\"ListItem\",\"position\":1,\"name\":\"Inici\",\"item\":\"https:\\\/\\\/minuartia.com\\\/es\\\/\"},{\"@type\":\"ListItem\",\"position\":2,\"name\":\"Projectes\",\"item\":\"https:\\\/\\\/minuartia.com\\\/es\\\/project\\\/\"},{\"@type\":\"ListItem\",\"position\":3,\"name\":\"Redacci\u00f3n del plan de mejora de la conectividad ecol\u00f3gica en Andaluc\u00eda en el marco de los planes de gesti\u00f3n de especies y h\u00e1bitats amenazados.\"}]},{\"@type\":\"WebSite\",\"@id\":\"https:\\\/\\\/minuartia.com\\\/es\\\/#website\",\"url\":\"https:\\\/\\\/minuartia.com\\\/es\\\/\",\"name\":\"Minuartia\",\"description\":\"Gesti\u00f3 i Conservaci\u00f3 de Fauna i Biodiversitat.\",\"publisher\":{\"@id\":\"https:\\\/\\\/minuartia.com\\\/es\\\/#organization\"},\"alternateName\":\"Coneixement aplicat en biodiversitat i gesti\u00f3 de fauna\",\"potentialAction\":[{\"@type\":\"SearchAction\",\"target\":{\"@type\":\"EntryPoint\",\"urlTemplate\":\"https:\\\/\\\/minuartia.com\\\/es\\\/?s={search_term_string}\"},\"query-input\":{\"@type\":\"PropertyValueSpecification\",\"valueRequired\":true,\"valueName\":\"search_term_string\"}}],\"inLanguage\":\"es\"},{\"@type\":\"Organization\",\"@id\":\"https:\\\/\\\/minuartia.com\\\/es\\\/#organization\",\"name\":\"Minuartia\",\"alternateName\":\"Minuartia\",\"url\":\"https:\\\/\\\/minuartia.com\\\/es\\\/\",\"logo\":{\"@type\":\"ImageObject\",\"inLanguage\":\"es\",\"@id\":\"https:\\\/\\\/minuartia.com\\\/es\\\/#\\\/schema\\\/logo\\\/image\\\/\",\"url\":\"https:\\\/\\\/minuartia.com\\\/wp-content\\\/uploads\\\/2023\\\/09\\\/OG-logo-MINUARTIA-RGB_transparent.png\",\"contentUrl\":\"https:\\\/\\\/minuartia.com\\\/wp-content\\\/uploads\\\/2023\\\/09\\\/OG-logo-MINUARTIA-RGB_transparent.png\",\"width\":1570,\"height\":701,\"caption\":\"Minuartia\"},\"image\":{\"@id\":\"https:\\\/\\\/minuartia.com\\\/es\\\/#\\\/schema\\\/logo\\\/image\\\/\"},\"sameAs\":[\"https:\\\/\\\/x.com\\\/minuartia_tw\",\"https:\\\/\\\/www.youtube.com\\\/user\\\/MINUARTIAwildlife?sub_confirmation=1\"]}]}<\/script>\n<!-- \/ Yoast SEO plugin. -->","yoast_head_json":{"title":"Redacci\u00f3n del plan de mejora de la conectividad ecol\u00f3gica en Andaluc\u00eda en el marco de los planes de gesti\u00f3n de especies y h\u00e1bitats amenazados. | Minuartia","description":"EGMASA - Consejer\u00eda de Medio Ambiente. Junta de Andaluc\u00eda.","robots":{"index":"index","follow":"follow","max-snippet":"max-snippet:-1","max-image-preview":"max-image-preview:large","max-video-preview":"max-video-preview:-1"},"canonical":"https:\/\/minuartia.com\/es\/project\/redaccion-del-plan-de-mejora-de-la-conectividad-ecologica-en-andalucia-en-el-marco-de-los-planes-de-gestion-de-especies-y-habitats-amenazados\/","og_locale":"es_ES","og_type":"article","og_title":"Redacci\u00f3n del plan de mejora de la conectividad ecol\u00f3gica en Andaluc\u00eda en el marco de los planes de gesti\u00f3n de especies y h\u00e1bitats amenazados. | Minuartia","og_description":"EGMASA - Consejer\u00eda de Medio Ambiente. Junta de Andaluc\u00eda.","og_url":"https:\/\/minuartia.com\/es\/project\/redaccion-del-plan-de-mejora-de-la-conectividad-ecologica-en-andalucia-en-el-marco-de-los-planes-de-gestion-de-especies-y-habitats-amenazados\/","og_site_name":"Minuartia","og_image":[{"width":854,"height":552,"url":"https:\/\/minuartia.com\/wp-content\/uploads\/2023\/12\/Plan-mejora-conectividad-ecologica-Andalucia.jpg","type":"image\/jpeg"}],"twitter_card":"summary_large_image","twitter_site":"@minuartia_tw","schema":{"@context":"https:\/\/schema.org","@graph":[{"@type":"WebPage","@id":"https:\/\/minuartia.com\/es\/project\/redaccion-del-plan-de-mejora-de-la-conectividad-ecologica-en-andalucia-en-el-marco-de-los-planes-de-gestion-de-especies-y-habitats-amenazados\/","url":"https:\/\/minuartia.com\/es\/project\/redaccion-del-plan-de-mejora-de-la-conectividad-ecologica-en-andalucia-en-el-marco-de-los-planes-de-gestion-de-especies-y-habitats-amenazados\/","name":"Redacci\u00f3n del plan de mejora de la conectividad ecol\u00f3gica en Andaluc\u00eda en el marco de los planes de gesti\u00f3n de especies y h\u00e1bitats amenazados. | Minuartia","isPartOf":{"@id":"https:\/\/minuartia.com\/es\/#website"},"primaryImageOfPage":{"@id":"https:\/\/minuartia.com\/es\/project\/redaccion-del-plan-de-mejora-de-la-conectividad-ecologica-en-andalucia-en-el-marco-de-los-planes-de-gestion-de-especies-y-habitats-amenazados\/#primaryimage"},"image":{"@id":"https:\/\/minuartia.com\/es\/project\/redaccion-del-plan-de-mejora-de-la-conectividad-ecologica-en-andalucia-en-el-marco-de-los-planes-de-gestion-de-especies-y-habitats-amenazados\/#primaryimage"},"thumbnailUrl":"https:\/\/minuartia.com\/wp-content\/uploads\/2023\/12\/Plan-mejora-conectividad-ecologica-Andalucia.jpg","datePublished":"2015-10-02T12:09:13+00:00","description":"EGMASA - Consejer\u00eda de Medio Ambiente. Junta de Andaluc\u00eda.","breadcrumb":{"@id":"https:\/\/minuartia.com\/es\/project\/redaccion-del-plan-de-mejora-de-la-conectividad-ecologica-en-andalucia-en-el-marco-de-los-planes-de-gestion-de-especies-y-habitats-amenazados\/#breadcrumb"},"inLanguage":"es","potentialAction":[{"@type":"ReadAction","target":["https:\/\/minuartia.com\/es\/project\/redaccion-del-plan-de-mejora-de-la-conectividad-ecologica-en-andalucia-en-el-marco-de-los-planes-de-gestion-de-especies-y-habitats-amenazados\/"]}]},{"@type":"ImageObject","inLanguage":"es","@id":"https:\/\/minuartia.com\/es\/project\/redaccion-del-plan-de-mejora-de-la-conectividad-ecologica-en-andalucia-en-el-marco-de-los-planes-de-gestion-de-especies-y-habitats-amenazados\/#primaryimage","url":"https:\/\/minuartia.com\/wp-content\/uploads\/2023\/12\/Plan-mejora-conectividad-ecologica-Andalucia.jpg","contentUrl":"https:\/\/minuartia.com\/wp-content\/uploads\/2023\/12\/Plan-mejora-conectividad-ecologica-Andalucia.jpg","width":854,"height":552},{"@type":"BreadcrumbList","@id":"https:\/\/minuartia.com\/es\/project\/redaccion-del-plan-de-mejora-de-la-conectividad-ecologica-en-andalucia-en-el-marco-de-los-planes-de-gestion-de-especies-y-habitats-amenazados\/#breadcrumb","itemListElement":[{"@type":"ListItem","position":1,"name":"Inici","item":"https:\/\/minuartia.com\/es\/"},{"@type":"ListItem","position":2,"name":"Projectes","item":"https:\/\/minuartia.com\/es\/project\/"},{"@type":"ListItem","position":3,"name":"Redacci\u00f3n del plan de mejora de la conectividad ecol\u00f3gica en Andaluc\u00eda en el marco de los planes de gesti\u00f3n de especies y h\u00e1bitats amenazados."}]},{"@type":"WebSite","@id":"https:\/\/minuartia.com\/es\/#website","url":"https:\/\/minuartia.com\/es\/","name":"Minuartia","description":"Gesti\u00f3 i Conservaci\u00f3 de Fauna i Biodiversitat.","publisher":{"@id":"https:\/\/minuartia.com\/es\/#organization"},"alternateName":"Coneixement aplicat en biodiversitat i gesti\u00f3 de fauna","potentialAction":[{"@type":"SearchAction","target":{"@type":"EntryPoint","urlTemplate":"https:\/\/minuartia.com\/es\/?s={search_term_string}"},"query-input":{"@type":"PropertyValueSpecification","valueRequired":true,"valueName":"search_term_string"}}],"inLanguage":"es"},{"@type":"Organization","@id":"https:\/\/minuartia.com\/es\/#organization","name":"Minuartia","alternateName":"Minuartia","url":"https:\/\/minuartia.com\/es\/","logo":{"@type":"ImageObject","inLanguage":"es","@id":"https:\/\/minuartia.com\/es\/#\/schema\/logo\/image\/","url":"https:\/\/minuartia.com\/wp-content\/uploads\/2023\/09\/OG-logo-MINUARTIA-RGB_transparent.png","contentUrl":"https:\/\/minuartia.com\/wp-content\/uploads\/2023\/09\/OG-logo-MINUARTIA-RGB_transparent.png","width":1570,"height":701,"caption":"Minuartia"},"image":{"@id":"https:\/\/minuartia.com\/es\/#\/schema\/logo\/image\/"},"sameAs":["https:\/\/x.com\/minuartia_tw","https:\/\/www.youtube.com\/user\/MINUARTIAwildlife?sub_confirmation=1"]}]}},"_links":{"self":[{"href":"https:\/\/minuartia.com\/es\/wp-json\/wp\/v2\/project\/9621","targetHints":{"allow":["GET"]}}],"collection":[{"href":"https:\/\/minuartia.com\/es\/wp-json\/wp\/v2\/project"}],"about":[{"href":"https:\/\/minuartia.com\/es\/wp-json\/wp\/v2\/types\/project"}],"version-history":[{"count":0,"href":"https:\/\/minuartia.com\/es\/wp-json\/wp\/v2\/project\/9621\/revisions"}],"wp:featuredmedia":[{"embeddable":true,"href":"https:\/\/minuartia.com\/es\/wp-json\/wp\/v2\/media\/6069"}],"wp:attachment":[{"href":"https:\/\/minuartia.com\/es\/wp-json\/wp\/v2\/media?parent=9621"}],"wp:term":[{"taxonomy":"post_tag","embeddable":true,"href":"https:\/\/minuartia.com\/es\/wp-json\/wp\/v2\/tags?post=9621"},{"taxonomy":"projectes","embeddable":true,"href":"https:\/\/minuartia.com\/es\/wp-json\/wp\/v2\/projectes?post=9621"},{"taxonomy":"project-categories","embeddable":true,"href":"https:\/\/minuartia.com\/es\/wp-json\/wp\/v2\/project-categories?post=9621"}],"curies":[{"name":"wp","href":"https:\/\/api.w.org\/{rel}","templated":true}]}}