{"id":6441,"date":"2019-04-08T11:25:47","date_gmt":"2019-04-08T09:25:47","guid":{"rendered":"https:\/\/minuartia.prova.cat\/projects\/asesoramiento-para-la-gestion-de-la-fauna-en-el-parc-natural-de-la-zona-volcanica-de-la-garrotxa\/"},"modified":"2023-12-21T20:28:58","modified_gmt":"2023-12-21T19:28:58","slug":"asesoramiento-para-la-gestion-de-la-fauna-en-el-parc-natural-de-la-zona-volcanica-de-la-garrotxa","status":"publish","type":"project","link":"https:\/\/minuartia.com\/es\/project\/asesoramiento-para-la-gestion-de-la-fauna-en-el-parc-natural-de-la-zona-volcanica-de-la-garrotxa\/","title":{"rendered":"Asesoramiento para la gesti\u00f3n de la fauna en el Parc Natural de la Zona Volc\u00e0nica de la Garrotxa"},"content":{"rendered":"<h3>Parc Natural Zona Volc\u00e0nica de la Garrotxa. Generalitat de Catalunya<br \/>\n1990 &#8211; 2019<\/h3>\n<p>Prestaci\u00f3n de asistencia t\u00e9cnica para aumentar el grado de conocimiento de la biodiversidad en el Parc Natural de la Zona Volc\u00e0nica de la Garrotxa y desarrollar estrategias de gesti\u00f3n y conservaci\u00f3n adecuadas. A lo largo de los a\u00f1os se han elaborado distintos trabajos \u00a0destinados a integrar toda la informaci\u00f3n generada sobre la diversidad de vertebrados presentes en el parque, mantener los seguimientos en curso de algunas especies con requerimientos de gesti\u00f3n particulares y dar apoyo al equipo de gesti\u00f3n en la elaboraci\u00f3n de informes relativos a la fauna del espacio natural. Tambi\u00e9n se ha creado el Cat\u00e1logo de vertebrados, y el m\u00f3dulo de gesti\u00f3n de fauna del Parque Natural que permite integrar bases de datos de seguimientos de los diferentes grupos faun\u00edsticos que se llevan a cabo en el parque natural.<\/p>\n","protected":false},"excerpt":{"rendered":"<p>Parc Natural Zona Volc\u00e0nica de la Garrotxa. Generalitat de Catalunya 1990 &#8211; 2019 Prestaci\u00f3n de asistencia t\u00e9cnica para aumentar el grado de conocimiento de la biodiversidad en el Parc Natural de la Zona Volc\u00e0nica de la Garrotxa y desarrollar estrategias de gesti\u00f3n y conservaci\u00f3n adecuadas. A lo largo de los a\u00f1os se han elaborado distintos [&hellip;]<\/p>\n","protected":false},"featured_media":6200,"template":"","tags":[2774,2080],"projectes":[],"project-categories":[2813,2823],"class_list":["post-6441","project","type-project","status-publish","has-post-thumbnail","hentry","tag-conservacion-biodiversidad-es","tag-espacios-naturales","project-categories-conservacion-de-la-naturaleza","project-categories-seguimientos-de-fauna-y-flora"],"acf":[],"yoast_head":"<!-- This site is optimized with the Yoast SEO plugin v27.4 - https:\/\/yoast.com\/product\/yoast-seo-wordpress\/ -->\n<title>Asesoramiento para la gesti\u00f3n de la fauna en el Parc Natural de la Zona Volc\u00e0nica de la Garrotxa | Minuartia<\/title>\n<meta name=\"description\" content=\"Parc Natural Zona Volc\u00e0nica de la Garrotxa. Generalitat de Catalunya 1990 - 2019 Prestaci\u00f3n de asistencia t\u00e9cnica para aumentar el grado de conocimiento\" \/>\n<meta name=\"robots\" content=\"index, follow, max-snippet:-1, max-image-preview:large, max-video-preview:-1\" \/>\n<link rel=\"canonical\" href=\"https:\/\/minuartia.com\/es\/project\/asesoramiento-para-la-gestion-de-la-fauna-en-el-parc-natural-de-la-zona-volcanica-de-la-garrotxa\/\" \/>\n<meta property=\"og:locale\" content=\"es_ES\" \/>\n<meta property=\"og:type\" content=\"article\" \/>\n<meta property=\"og:title\" content=\"Asesoramiento para la gesti\u00f3n de la fauna en el Parc Natural de la Zona Volc\u00e0nica de la Garrotxa | Minuartia\" \/>\n<meta property=\"og:description\" content=\"Parc Natural Zona Volc\u00e0nica de la Garrotxa. Generalitat de Catalunya 1990 - 2019 Prestaci\u00f3n de asistencia t\u00e9cnica para aumentar el grado de conocimiento\" \/>\n<meta property=\"og:url\" content=\"https:\/\/minuartia.com\/es\/project\/asesoramiento-para-la-gestion-de-la-fauna-en-el-parc-natural-de-la-zona-volcanica-de-la-garrotxa\/\" \/>\n<meta property=\"og:site_name\" content=\"Minuartia\" \/>\n<meta property=\"article:modified_time\" content=\"2023-12-21T19:28:58+00:00\" \/>\n<meta property=\"og:image\" content=\"https:\/\/minuartia.com\/wp-content\/uploads\/2023\/12\/asesoramiento-para-la-gestin-de-la-fauna-en-el-parc-natural-de-la-zona-volcnica-de-la-garrotxa.jpg\" \/>\n\t<meta property=\"og:image:width\" content=\"952\" \/>\n\t<meta property=\"og:image:height\" content=\"715\" \/>\n\t<meta property=\"og:image:type\" content=\"image\/jpeg\" \/>\n<meta name=\"twitter:card\" content=\"summary_large_image\" \/>\n<meta name=\"twitter:site\" content=\"@minuartia_tw\" \/>\n<meta name=\"twitter:label1\" content=\"Tiempo de lectura\" \/>\n\t<meta name=\"twitter:data1\" content=\"1 minuto\" \/>\n<script type=\"application\/ld+json\" class=\"yoast-schema-graph\">{\"@context\":\"https:\\\/\\\/schema.org\",\"@graph\":[{\"@type\":\"WebPage\",\"@id\":\"https:\\\/\\\/minuartia.com\\\/es\\\/project\\\/asesoramiento-para-la-gestion-de-la-fauna-en-el-parc-natural-de-la-zona-volcanica-de-la-garrotxa\\\/\",\"url\":\"https:\\\/\\\/minuartia.com\\\/es\\\/project\\\/asesoramiento-para-la-gestion-de-la-fauna-en-el-parc-natural-de-la-zona-volcanica-de-la-garrotxa\\\/\",\"name\":\"Asesoramiento para la gesti\u00f3n de la fauna en el Parc Natural de la Zona Volc\u00e0nica de la Garrotxa | Minuartia\",\"isPartOf\":{\"@id\":\"https:\\\/\\\/minuartia.com\\\/es\\\/#website\"},\"primaryImageOfPage\":{\"@id\":\"https:\\\/\\\/minuartia.com\\\/es\\\/project\\\/asesoramiento-para-la-gestion-de-la-fauna-en-el-parc-natural-de-la-zona-volcanica-de-la-garrotxa\\\/#primaryimage\"},\"image\":{\"@id\":\"https:\\\/\\\/minuartia.com\\\/es\\\/project\\\/asesoramiento-para-la-gestion-de-la-fauna-en-el-parc-natural-de-la-zona-volcanica-de-la-garrotxa\\\/#primaryimage\"},\"thumbnailUrl\":\"https:\\\/\\\/minuartia.com\\\/wp-content\\\/uploads\\\/2023\\\/12\\\/asesoramiento-para-la-gestin-de-la-fauna-en-el-parc-natural-de-la-zona-volcnica-de-la-garrotxa.jpg\",\"datePublished\":\"2019-04-08T09:25:47+00:00\",\"dateModified\":\"2023-12-21T19:28:58+00:00\",\"description\":\"Parc Natural Zona Volc\u00e0nica de la Garrotxa. Generalitat de Catalunya 1990 - 2019 Prestaci\u00f3n de asistencia t\u00e9cnica para aumentar el grado de conocimiento\",\"breadcrumb\":{\"@id\":\"https:\\\/\\\/minuartia.com\\\/es\\\/project\\\/asesoramiento-para-la-gestion-de-la-fauna-en-el-parc-natural-de-la-zona-volcanica-de-la-garrotxa\\\/#breadcrumb\"},\"inLanguage\":\"es\",\"potentialAction\":[{\"@type\":\"ReadAction\",\"target\":[\"https:\\\/\\\/minuartia.com\\\/es\\\/project\\\/asesoramiento-para-la-gestion-de-la-fauna-en-el-parc-natural-de-la-zona-volcanica-de-la-garrotxa\\\/\"]}]},{\"@type\":\"ImageObject\",\"inLanguage\":\"es\",\"@id\":\"https:\\\/\\\/minuartia.com\\\/es\\\/project\\\/asesoramiento-para-la-gestion-de-la-fauna-en-el-parc-natural-de-la-zona-volcanica-de-la-garrotxa\\\/#primaryimage\",\"url\":\"https:\\\/\\\/minuartia.com\\\/wp-content\\\/uploads\\\/2023\\\/12\\\/asesoramiento-para-la-gestin-de-la-fauna-en-el-parc-natural-de-la-zona-volcnica-de-la-garrotxa.jpg\",\"contentUrl\":\"https:\\\/\\\/minuartia.com\\\/wp-content\\\/uploads\\\/2023\\\/12\\\/asesoramiento-para-la-gestin-de-la-fauna-en-el-parc-natural-de-la-zona-volcnica-de-la-garrotxa.jpg\",\"width\":952,\"height\":715},{\"@type\":\"BreadcrumbList\",\"@id\":\"https:\\\/\\\/minuartia.com\\\/es\\\/project\\\/asesoramiento-para-la-gestion-de-la-fauna-en-el-parc-natural-de-la-zona-volcanica-de-la-garrotxa\\\/#breadcrumb\",\"itemListElement\":[{\"@type\":\"ListItem\",\"position\":1,\"name\":\"Inici\",\"item\":\"https:\\\/\\\/minuartia.com\\\/es\\\/\"},{\"@type\":\"ListItem\",\"position\":2,\"name\":\"Projectes\",\"item\":\"https:\\\/\\\/minuartia.com\\\/es\\\/project\\\/\"},{\"@type\":\"ListItem\",\"position\":3,\"name\":\"Asesoramiento para la gesti\u00f3n de la fauna en el Parc Natural de la Zona Volc\u00e0nica de la Garrotxa\"}]},{\"@type\":\"WebSite\",\"@id\":\"https:\\\/\\\/minuartia.com\\\/es\\\/#website\",\"url\":\"https:\\\/\\\/minuartia.com\\\/es\\\/\",\"name\":\"Minuartia\",\"description\":\"Gesti\u00f3 i Conservaci\u00f3 de Fauna i Biodiversitat.\",\"publisher\":{\"@id\":\"https:\\\/\\\/minuartia.com\\\/es\\\/#organization\"},\"alternateName\":\"Coneixement aplicat en biodiversitat i gesti\u00f3 de fauna\",\"potentialAction\":[{\"@type\":\"SearchAction\",\"target\":{\"@type\":\"EntryPoint\",\"urlTemplate\":\"https:\\\/\\\/minuartia.com\\\/es\\\/?s={search_term_string}\"},\"query-input\":{\"@type\":\"PropertyValueSpecification\",\"valueRequired\":true,\"valueName\":\"search_term_string\"}}],\"inLanguage\":\"es\"},{\"@type\":\"Organization\",\"@id\":\"https:\\\/\\\/minuartia.com\\\/es\\\/#organization\",\"name\":\"Minuartia\",\"alternateName\":\"Minuartia\",\"url\":\"https:\\\/\\\/minuartia.com\\\/es\\\/\",\"logo\":{\"@type\":\"ImageObject\",\"inLanguage\":\"es\",\"@id\":\"https:\\\/\\\/minuartia.com\\\/es\\\/#\\\/schema\\\/logo\\\/image\\\/\",\"url\":\"https:\\\/\\\/minuartia.com\\\/wp-content\\\/uploads\\\/2023\\\/09\\\/OG-logo-MINUARTIA-RGB_transparent.png\",\"contentUrl\":\"https:\\\/\\\/minuartia.com\\\/wp-content\\\/uploads\\\/2023\\\/09\\\/OG-logo-MINUARTIA-RGB_transparent.png\",\"width\":1570,\"height\":701,\"caption\":\"Minuartia\"},\"image\":{\"@id\":\"https:\\\/\\\/minuartia.com\\\/es\\\/#\\\/schema\\\/logo\\\/image\\\/\"},\"sameAs\":[\"https:\\\/\\\/x.com\\\/minuartia_tw\",\"https:\\\/\\\/www.youtube.com\\\/user\\\/MINUARTIAwildlife?sub_confirmation=1\"]}]}<\/script>\n<!-- \/ Yoast SEO plugin. -->","yoast_head_json":{"title":"Asesoramiento para la gesti\u00f3n de la fauna en el Parc Natural de la Zona Volc\u00e0nica de la Garrotxa | Minuartia","description":"Parc Natural Zona Volc\u00e0nica de la Garrotxa. Generalitat de Catalunya 1990 - 2019 Prestaci\u00f3n de asistencia t\u00e9cnica para aumentar el grado de conocimiento","robots":{"index":"index","follow":"follow","max-snippet":"max-snippet:-1","max-image-preview":"max-image-preview:large","max-video-preview":"max-video-preview:-1"},"canonical":"https:\/\/minuartia.com\/es\/project\/asesoramiento-para-la-gestion-de-la-fauna-en-el-parc-natural-de-la-zona-volcanica-de-la-garrotxa\/","og_locale":"es_ES","og_type":"article","og_title":"Asesoramiento para la gesti\u00f3n de la fauna en el Parc Natural de la Zona Volc\u00e0nica de la Garrotxa | Minuartia","og_description":"Parc Natural Zona Volc\u00e0nica de la Garrotxa. Generalitat de Catalunya 1990 - 2019 Prestaci\u00f3n de asistencia t\u00e9cnica para aumentar el grado de conocimiento","og_url":"https:\/\/minuartia.com\/es\/project\/asesoramiento-para-la-gestion-de-la-fauna-en-el-parc-natural-de-la-zona-volcanica-de-la-garrotxa\/","og_site_name":"Minuartia","article_modified_time":"2023-12-21T19:28:58+00:00","og_image":[{"width":952,"height":715,"url":"https:\/\/minuartia.com\/wp-content\/uploads\/2023\/12\/asesoramiento-para-la-gestin-de-la-fauna-en-el-parc-natural-de-la-zona-volcnica-de-la-garrotxa.jpg","type":"image\/jpeg"}],"twitter_card":"summary_large_image","twitter_site":"@minuartia_tw","twitter_misc":{"Tiempo de lectura":"1 minuto"},"schema":{"@context":"https:\/\/schema.org","@graph":[{"@type":"WebPage","@id":"https:\/\/minuartia.com\/es\/project\/asesoramiento-para-la-gestion-de-la-fauna-en-el-parc-natural-de-la-zona-volcanica-de-la-garrotxa\/","url":"https:\/\/minuartia.com\/es\/project\/asesoramiento-para-la-gestion-de-la-fauna-en-el-parc-natural-de-la-zona-volcanica-de-la-garrotxa\/","name":"Asesoramiento para la gesti\u00f3n de la fauna en el Parc Natural de la Zona Volc\u00e0nica de la Garrotxa | Minuartia","isPartOf":{"@id":"https:\/\/minuartia.com\/es\/#website"},"primaryImageOfPage":{"@id":"https:\/\/minuartia.com\/es\/project\/asesoramiento-para-la-gestion-de-la-fauna-en-el-parc-natural-de-la-zona-volcanica-de-la-garrotxa\/#primaryimage"},"image":{"@id":"https:\/\/minuartia.com\/es\/project\/asesoramiento-para-la-gestion-de-la-fauna-en-el-parc-natural-de-la-zona-volcanica-de-la-garrotxa\/#primaryimage"},"thumbnailUrl":"https:\/\/minuartia.com\/wp-content\/uploads\/2023\/12\/asesoramiento-para-la-gestin-de-la-fauna-en-el-parc-natural-de-la-zona-volcnica-de-la-garrotxa.jpg","datePublished":"2019-04-08T09:25:47+00:00","dateModified":"2023-12-21T19:28:58+00:00","description":"Parc Natural Zona Volc\u00e0nica de la Garrotxa. Generalitat de Catalunya 1990 - 2019 Prestaci\u00f3n de asistencia t\u00e9cnica para aumentar el grado de conocimiento","breadcrumb":{"@id":"https:\/\/minuartia.com\/es\/project\/asesoramiento-para-la-gestion-de-la-fauna-en-el-parc-natural-de-la-zona-volcanica-de-la-garrotxa\/#breadcrumb"},"inLanguage":"es","potentialAction":[{"@type":"ReadAction","target":["https:\/\/minuartia.com\/es\/project\/asesoramiento-para-la-gestion-de-la-fauna-en-el-parc-natural-de-la-zona-volcanica-de-la-garrotxa\/"]}]},{"@type":"ImageObject","inLanguage":"es","@id":"https:\/\/minuartia.com\/es\/project\/asesoramiento-para-la-gestion-de-la-fauna-en-el-parc-natural-de-la-zona-volcanica-de-la-garrotxa\/#primaryimage","url":"https:\/\/minuartia.com\/wp-content\/uploads\/2023\/12\/asesoramiento-para-la-gestin-de-la-fauna-en-el-parc-natural-de-la-zona-volcnica-de-la-garrotxa.jpg","contentUrl":"https:\/\/minuartia.com\/wp-content\/uploads\/2023\/12\/asesoramiento-para-la-gestin-de-la-fauna-en-el-parc-natural-de-la-zona-volcnica-de-la-garrotxa.jpg","width":952,"height":715},{"@type":"BreadcrumbList","@id":"https:\/\/minuartia.com\/es\/project\/asesoramiento-para-la-gestion-de-la-fauna-en-el-parc-natural-de-la-zona-volcanica-de-la-garrotxa\/#breadcrumb","itemListElement":[{"@type":"ListItem","position":1,"name":"Inici","item":"https:\/\/minuartia.com\/es\/"},{"@type":"ListItem","position":2,"name":"Projectes","item":"https:\/\/minuartia.com\/es\/project\/"},{"@type":"ListItem","position":3,"name":"Asesoramiento para la gesti\u00f3n de la fauna en el Parc Natural de la Zona Volc\u00e0nica de la Garrotxa"}]},{"@type":"WebSite","@id":"https:\/\/minuartia.com\/es\/#website","url":"https:\/\/minuartia.com\/es\/","name":"Minuartia","description":"Gesti\u00f3 i Conservaci\u00f3 de Fauna i Biodiversitat.","publisher":{"@id":"https:\/\/minuartia.com\/es\/#organization"},"alternateName":"Coneixement aplicat en biodiversitat i gesti\u00f3 de fauna","potentialAction":[{"@type":"SearchAction","target":{"@type":"EntryPoint","urlTemplate":"https:\/\/minuartia.com\/es\/?s={search_term_string}"},"query-input":{"@type":"PropertyValueSpecification","valueRequired":true,"valueName":"search_term_string"}}],"inLanguage":"es"},{"@type":"Organization","@id":"https:\/\/minuartia.com\/es\/#organization","name":"Minuartia","alternateName":"Minuartia","url":"https:\/\/minuartia.com\/es\/","logo":{"@type":"ImageObject","inLanguage":"es","@id":"https:\/\/minuartia.com\/es\/#\/schema\/logo\/image\/","url":"https:\/\/minuartia.com\/wp-content\/uploads\/2023\/09\/OG-logo-MINUARTIA-RGB_transparent.png","contentUrl":"https:\/\/minuartia.com\/wp-content\/uploads\/2023\/09\/OG-logo-MINUARTIA-RGB_transparent.png","width":1570,"height":701,"caption":"Minuartia"},"image":{"@id":"https:\/\/minuartia.com\/es\/#\/schema\/logo\/image\/"},"sameAs":["https:\/\/x.com\/minuartia_tw","https:\/\/www.youtube.com\/user\/MINUARTIAwildlife?sub_confirmation=1"]}]}},"_links":{"self":[{"href":"https:\/\/minuartia.com\/es\/wp-json\/wp\/v2\/project\/6441","targetHints":{"allow":["GET"]}}],"collection":[{"href":"https:\/\/minuartia.com\/es\/wp-json\/wp\/v2\/project"}],"about":[{"href":"https:\/\/minuartia.com\/es\/wp-json\/wp\/v2\/types\/project"}],"version-history":[{"count":1,"href":"https:\/\/minuartia.com\/es\/wp-json\/wp\/v2\/project\/6441\/revisions"}],"predecessor-version":[{"id":7237,"href":"https:\/\/minuartia.com\/es\/wp-json\/wp\/v2\/project\/6441\/revisions\/7237"}],"wp:featuredmedia":[{"embeddable":true,"href":"https:\/\/minuartia.com\/es\/wp-json\/wp\/v2\/media\/6200"}],"wp:attachment":[{"href":"https:\/\/minuartia.com\/es\/wp-json\/wp\/v2\/media?parent=6441"}],"wp:term":[{"taxonomy":"post_tag","embeddable":true,"href":"https:\/\/minuartia.com\/es\/wp-json\/wp\/v2\/tags?post=6441"},{"taxonomy":"projectes","embeddable":true,"href":"https:\/\/minuartia.com\/es\/wp-json\/wp\/v2\/projectes?post=6441"},{"taxonomy":"project-categories","embeddable":true,"href":"https:\/\/minuartia.com\/es\/wp-json\/wp\/v2\/project-categories?post=6441"}],"curies":[{"name":"wp","href":"https:\/\/api.w.org\/{rel}","templated":true}]}}