{"id":6440,"date":"2018-04-18T11:19:10","date_gmt":"2018-04-18T09:19:10","guid":{"rendered":"https:\/\/minuartia.prova.cat\/projects\/programa-de-seguimiento-de-las-poblaciones-de-jabali-en-catalunya\/"},"modified":"2023-12-21T20:27:24","modified_gmt":"2023-12-21T19:27:24","slug":"programa-de-seguimiento-de-las-poblaciones-de-jabali-en-catalunya","status":"publish","type":"project","link":"https:\/\/minuartia.com\/es\/project\/programa-de-seguimiento-de-las-poblaciones-de-jabali-en-catalunya\/","title":{"rendered":"Programa de seguimiento de las poblaciones de jabal\u00ed en Catalunya"},"content":{"rendered":"<h3>Generalitat de Catalunya (DARPA, DTES). Diputaci\u00f3n de Barcelona<br \/>\n1998 &#8211; 2020<\/h3>\n<p>Seguimiento de las poblaciones de jabal\u00ed mediante el an\u00e1lisis los datos de individuos capturados en 22 observatorios situados en distintas regiones geogr\u00e1ficas. La base de datos del programa cuenta con unos 70.000 registros de batidas realizadas desde 1998 siendo una de las m\u00e1s completas de Europa. A partir de su an\u00e1lisis se elaboran informes anuales que permiten analizar la evoluci\u00f3n de la caza del jabal\u00ed y que se utilizan como base para proponer medidas de gesti\u00f3n en los diversos puntos del territorio. En el estudio colaboran unos 200 equipos de cazadores as\u00ed como guardas y t\u00e9cnicos responsables de gesti\u00f3n de la biodiversidad en los espacios en los que se aplica el seguimiento.<\/p>\n","protected":false},"excerpt":{"rendered":"<p>Generalitat de Catalunya (DARPA, DTES). Diputaci\u00f3n de Barcelona 1998 &#8211; 2020 Seguimiento de las poblaciones de jabal\u00ed mediante el an\u00e1lisis los datos de individuos capturados en 22 observatorios situados en distintas regiones geogr\u00e1ficas. La base de datos del programa cuenta con unos 70.000 registros de batidas realizadas desde 1998 siendo una de las m\u00e1s completas [&hellip;]<\/p>\n","protected":false},"featured_media":6196,"template":"","tags":[2065,2111,2141],"projectes":[],"project-categories":[2811,2813,2823],"class_list":["post-6440","project","type-project","status-publish","has-post-thumbnail","hentry","tag-conflictos-fauna","tag-jabali","tag-senglar","project-categories-conflictos-con-fauna","project-categories-conservacion-de-la-naturaleza","project-categories-seguimientos-de-fauna-y-flora"],"acf":[],"yoast_head":"<!-- This site is optimized with the Yoast SEO plugin v27.4 - https:\/\/yoast.com\/product\/yoast-seo-wordpress\/ -->\n<title>Programa de seguimiento de las poblaciones de jabal\u00ed en Catalunya | Minuartia<\/title>\n<meta name=\"description\" content=\"Generalitat de Catalunya (DARPA, DTES). Diputaci\u00f3n de Barcelona 1998 - 2020 Seguimiento de las poblaciones de jabal\u00ed mediante el an\u00e1lisis los datos de\" \/>\n<meta name=\"robots\" content=\"index, follow, max-snippet:-1, max-image-preview:large, max-video-preview:-1\" \/>\n<link rel=\"canonical\" href=\"https:\/\/minuartia.com\/es\/project\/programa-de-seguimiento-de-las-poblaciones-de-jabali-en-catalunya\/\" \/>\n<meta property=\"og:locale\" content=\"es_ES\" \/>\n<meta property=\"og:type\" content=\"article\" \/>\n<meta property=\"og:title\" content=\"Programa de seguimiento de las poblaciones de jabal\u00ed en Catalunya | Minuartia\" \/>\n<meta property=\"og:description\" content=\"Generalitat de Catalunya (DARPA, DTES). Diputaci\u00f3n de Barcelona 1998 - 2020 Seguimiento de las poblaciones de jabal\u00ed mediante el an\u00e1lisis los datos de\" \/>\n<meta property=\"og:url\" content=\"https:\/\/minuartia.com\/es\/project\/programa-de-seguimiento-de-las-poblaciones-de-jabali-en-catalunya\/\" \/>\n<meta property=\"og:site_name\" content=\"Minuartia\" \/>\n<meta property=\"article:modified_time\" content=\"2023-12-21T19:27:24+00:00\" \/>\n<meta property=\"og:image\" content=\"https:\/\/minuartia.com\/wp-content\/uploads\/2023\/12\/programa-de-seguimiento-de-las-poblaciones-de-jabal-en-catalunya.jpg\" \/>\n\t<meta property=\"og:image:width\" content=\"903\" \/>\n\t<meta property=\"og:image:height\" content=\"881\" \/>\n\t<meta property=\"og:image:type\" content=\"image\/jpeg\" \/>\n<meta name=\"twitter:card\" content=\"summary_large_image\" \/>\n<meta name=\"twitter:site\" content=\"@minuartia_tw\" \/>\n<meta name=\"twitter:label1\" content=\"Tiempo de lectura\" \/>\n\t<meta name=\"twitter:data1\" content=\"1 minuto\" \/>\n<script type=\"application\/ld+json\" class=\"yoast-schema-graph\">{\"@context\":\"https:\\\/\\\/schema.org\",\"@graph\":[{\"@type\":\"WebPage\",\"@id\":\"https:\\\/\\\/minuartia.com\\\/es\\\/project\\\/programa-de-seguimiento-de-las-poblaciones-de-jabali-en-catalunya\\\/\",\"url\":\"https:\\\/\\\/minuartia.com\\\/es\\\/project\\\/programa-de-seguimiento-de-las-poblaciones-de-jabali-en-catalunya\\\/\",\"name\":\"Programa de seguimiento de las poblaciones de jabal\u00ed en Catalunya | Minuartia\",\"isPartOf\":{\"@id\":\"https:\\\/\\\/minuartia.com\\\/es\\\/#website\"},\"primaryImageOfPage\":{\"@id\":\"https:\\\/\\\/minuartia.com\\\/es\\\/project\\\/programa-de-seguimiento-de-las-poblaciones-de-jabali-en-catalunya\\\/#primaryimage\"},\"image\":{\"@id\":\"https:\\\/\\\/minuartia.com\\\/es\\\/project\\\/programa-de-seguimiento-de-las-poblaciones-de-jabali-en-catalunya\\\/#primaryimage\"},\"thumbnailUrl\":\"https:\\\/\\\/minuartia.com\\\/wp-content\\\/uploads\\\/2023\\\/12\\\/programa-de-seguimiento-de-las-poblaciones-de-jabal-en-catalunya.jpg\",\"datePublished\":\"2018-04-18T09:19:10+00:00\",\"dateModified\":\"2023-12-21T19:27:24+00:00\",\"description\":\"Generalitat de Catalunya (DARPA, DTES). Diputaci\u00f3n de Barcelona 1998 - 2020 Seguimiento de las poblaciones de jabal\u00ed mediante el an\u00e1lisis los datos de\",\"breadcrumb\":{\"@id\":\"https:\\\/\\\/minuartia.com\\\/es\\\/project\\\/programa-de-seguimiento-de-las-poblaciones-de-jabali-en-catalunya\\\/#breadcrumb\"},\"inLanguage\":\"es\",\"potentialAction\":[{\"@type\":\"ReadAction\",\"target\":[\"https:\\\/\\\/minuartia.com\\\/es\\\/project\\\/programa-de-seguimiento-de-las-poblaciones-de-jabali-en-catalunya\\\/\"]}]},{\"@type\":\"ImageObject\",\"inLanguage\":\"es\",\"@id\":\"https:\\\/\\\/minuartia.com\\\/es\\\/project\\\/programa-de-seguimiento-de-las-poblaciones-de-jabali-en-catalunya\\\/#primaryimage\",\"url\":\"https:\\\/\\\/minuartia.com\\\/wp-content\\\/uploads\\\/2023\\\/12\\\/programa-de-seguimiento-de-las-poblaciones-de-jabal-en-catalunya.jpg\",\"contentUrl\":\"https:\\\/\\\/minuartia.com\\\/wp-content\\\/uploads\\\/2023\\\/12\\\/programa-de-seguimiento-de-las-poblaciones-de-jabal-en-catalunya.jpg\",\"width\":903,\"height\":881},{\"@type\":\"BreadcrumbList\",\"@id\":\"https:\\\/\\\/minuartia.com\\\/es\\\/project\\\/programa-de-seguimiento-de-las-poblaciones-de-jabali-en-catalunya\\\/#breadcrumb\",\"itemListElement\":[{\"@type\":\"ListItem\",\"position\":1,\"name\":\"Inici\",\"item\":\"https:\\\/\\\/minuartia.com\\\/es\\\/\"},{\"@type\":\"ListItem\",\"position\":2,\"name\":\"Projectes\",\"item\":\"https:\\\/\\\/minuartia.com\\\/es\\\/project\\\/\"},{\"@type\":\"ListItem\",\"position\":3,\"name\":\"Programa de seguimiento de las poblaciones de jabal\u00ed en Catalunya\"}]},{\"@type\":\"WebSite\",\"@id\":\"https:\\\/\\\/minuartia.com\\\/es\\\/#website\",\"url\":\"https:\\\/\\\/minuartia.com\\\/es\\\/\",\"name\":\"Minuartia\",\"description\":\"Gesti\u00f3 i Conservaci\u00f3 de Fauna i Biodiversitat.\",\"publisher\":{\"@id\":\"https:\\\/\\\/minuartia.com\\\/es\\\/#organization\"},\"alternateName\":\"Coneixement aplicat en biodiversitat i gesti\u00f3 de fauna\",\"potentialAction\":[{\"@type\":\"SearchAction\",\"target\":{\"@type\":\"EntryPoint\",\"urlTemplate\":\"https:\\\/\\\/minuartia.com\\\/es\\\/?s={search_term_string}\"},\"query-input\":{\"@type\":\"PropertyValueSpecification\",\"valueRequired\":true,\"valueName\":\"search_term_string\"}}],\"inLanguage\":\"es\"},{\"@type\":\"Organization\",\"@id\":\"https:\\\/\\\/minuartia.com\\\/es\\\/#organization\",\"name\":\"Minuartia\",\"alternateName\":\"Minuartia\",\"url\":\"https:\\\/\\\/minuartia.com\\\/es\\\/\",\"logo\":{\"@type\":\"ImageObject\",\"inLanguage\":\"es\",\"@id\":\"https:\\\/\\\/minuartia.com\\\/es\\\/#\\\/schema\\\/logo\\\/image\\\/\",\"url\":\"https:\\\/\\\/minuartia.com\\\/wp-content\\\/uploads\\\/2023\\\/09\\\/OG-logo-MINUARTIA-RGB_transparent.png\",\"contentUrl\":\"https:\\\/\\\/minuartia.com\\\/wp-content\\\/uploads\\\/2023\\\/09\\\/OG-logo-MINUARTIA-RGB_transparent.png\",\"width\":1570,\"height\":701,\"caption\":\"Minuartia\"},\"image\":{\"@id\":\"https:\\\/\\\/minuartia.com\\\/es\\\/#\\\/schema\\\/logo\\\/image\\\/\"},\"sameAs\":[\"https:\\\/\\\/x.com\\\/minuartia_tw\",\"https:\\\/\\\/www.youtube.com\\\/user\\\/MINUARTIAwildlife?sub_confirmation=1\"]}]}<\/script>\n<!-- \/ Yoast SEO plugin. -->","yoast_head_json":{"title":"Programa de seguimiento de las poblaciones de jabal\u00ed en Catalunya | Minuartia","description":"Generalitat de Catalunya (DARPA, DTES). Diputaci\u00f3n de Barcelona 1998 - 2020 Seguimiento de las poblaciones de jabal\u00ed mediante el an\u00e1lisis los datos de","robots":{"index":"index","follow":"follow","max-snippet":"max-snippet:-1","max-image-preview":"max-image-preview:large","max-video-preview":"max-video-preview:-1"},"canonical":"https:\/\/minuartia.com\/es\/project\/programa-de-seguimiento-de-las-poblaciones-de-jabali-en-catalunya\/","og_locale":"es_ES","og_type":"article","og_title":"Programa de seguimiento de las poblaciones de jabal\u00ed en Catalunya | Minuartia","og_description":"Generalitat de Catalunya (DARPA, DTES). Diputaci\u00f3n de Barcelona 1998 - 2020 Seguimiento de las poblaciones de jabal\u00ed mediante el an\u00e1lisis los datos de","og_url":"https:\/\/minuartia.com\/es\/project\/programa-de-seguimiento-de-las-poblaciones-de-jabali-en-catalunya\/","og_site_name":"Minuartia","article_modified_time":"2023-12-21T19:27:24+00:00","og_image":[{"width":903,"height":881,"url":"https:\/\/minuartia.com\/wp-content\/uploads\/2023\/12\/programa-de-seguimiento-de-las-poblaciones-de-jabal-en-catalunya.jpg","type":"image\/jpeg"}],"twitter_card":"summary_large_image","twitter_site":"@minuartia_tw","twitter_misc":{"Tiempo de lectura":"1 minuto"},"schema":{"@context":"https:\/\/schema.org","@graph":[{"@type":"WebPage","@id":"https:\/\/minuartia.com\/es\/project\/programa-de-seguimiento-de-las-poblaciones-de-jabali-en-catalunya\/","url":"https:\/\/minuartia.com\/es\/project\/programa-de-seguimiento-de-las-poblaciones-de-jabali-en-catalunya\/","name":"Programa de seguimiento de las poblaciones de jabal\u00ed en Catalunya | Minuartia","isPartOf":{"@id":"https:\/\/minuartia.com\/es\/#website"},"primaryImageOfPage":{"@id":"https:\/\/minuartia.com\/es\/project\/programa-de-seguimiento-de-las-poblaciones-de-jabali-en-catalunya\/#primaryimage"},"image":{"@id":"https:\/\/minuartia.com\/es\/project\/programa-de-seguimiento-de-las-poblaciones-de-jabali-en-catalunya\/#primaryimage"},"thumbnailUrl":"https:\/\/minuartia.com\/wp-content\/uploads\/2023\/12\/programa-de-seguimiento-de-las-poblaciones-de-jabal-en-catalunya.jpg","datePublished":"2018-04-18T09:19:10+00:00","dateModified":"2023-12-21T19:27:24+00:00","description":"Generalitat de Catalunya (DARPA, DTES). Diputaci\u00f3n de Barcelona 1998 - 2020 Seguimiento de las poblaciones de jabal\u00ed mediante el an\u00e1lisis los datos de","breadcrumb":{"@id":"https:\/\/minuartia.com\/es\/project\/programa-de-seguimiento-de-las-poblaciones-de-jabali-en-catalunya\/#breadcrumb"},"inLanguage":"es","potentialAction":[{"@type":"ReadAction","target":["https:\/\/minuartia.com\/es\/project\/programa-de-seguimiento-de-las-poblaciones-de-jabali-en-catalunya\/"]}]},{"@type":"ImageObject","inLanguage":"es","@id":"https:\/\/minuartia.com\/es\/project\/programa-de-seguimiento-de-las-poblaciones-de-jabali-en-catalunya\/#primaryimage","url":"https:\/\/minuartia.com\/wp-content\/uploads\/2023\/12\/programa-de-seguimiento-de-las-poblaciones-de-jabal-en-catalunya.jpg","contentUrl":"https:\/\/minuartia.com\/wp-content\/uploads\/2023\/12\/programa-de-seguimiento-de-las-poblaciones-de-jabal-en-catalunya.jpg","width":903,"height":881},{"@type":"BreadcrumbList","@id":"https:\/\/minuartia.com\/es\/project\/programa-de-seguimiento-de-las-poblaciones-de-jabali-en-catalunya\/#breadcrumb","itemListElement":[{"@type":"ListItem","position":1,"name":"Inici","item":"https:\/\/minuartia.com\/es\/"},{"@type":"ListItem","position":2,"name":"Projectes","item":"https:\/\/minuartia.com\/es\/project\/"},{"@type":"ListItem","position":3,"name":"Programa de seguimiento de las poblaciones de jabal\u00ed en Catalunya"}]},{"@type":"WebSite","@id":"https:\/\/minuartia.com\/es\/#website","url":"https:\/\/minuartia.com\/es\/","name":"Minuartia","description":"Gesti\u00f3 i Conservaci\u00f3 de Fauna i Biodiversitat.","publisher":{"@id":"https:\/\/minuartia.com\/es\/#organization"},"alternateName":"Coneixement aplicat en biodiversitat i gesti\u00f3 de fauna","potentialAction":[{"@type":"SearchAction","target":{"@type":"EntryPoint","urlTemplate":"https:\/\/minuartia.com\/es\/?s={search_term_string}"},"query-input":{"@type":"PropertyValueSpecification","valueRequired":true,"valueName":"search_term_string"}}],"inLanguage":"es"},{"@type":"Organization","@id":"https:\/\/minuartia.com\/es\/#organization","name":"Minuartia","alternateName":"Minuartia","url":"https:\/\/minuartia.com\/es\/","logo":{"@type":"ImageObject","inLanguage":"es","@id":"https:\/\/minuartia.com\/es\/#\/schema\/logo\/image\/","url":"https:\/\/minuartia.com\/wp-content\/uploads\/2023\/09\/OG-logo-MINUARTIA-RGB_transparent.png","contentUrl":"https:\/\/minuartia.com\/wp-content\/uploads\/2023\/09\/OG-logo-MINUARTIA-RGB_transparent.png","width":1570,"height":701,"caption":"Minuartia"},"image":{"@id":"https:\/\/minuartia.com\/es\/#\/schema\/logo\/image\/"},"sameAs":["https:\/\/x.com\/minuartia_tw","https:\/\/www.youtube.com\/user\/MINUARTIAwildlife?sub_confirmation=1"]}]}},"_links":{"self":[{"href":"https:\/\/minuartia.com\/es\/wp-json\/wp\/v2\/project\/6440","targetHints":{"allow":["GET"]}}],"collection":[{"href":"https:\/\/minuartia.com\/es\/wp-json\/wp\/v2\/project"}],"about":[{"href":"https:\/\/minuartia.com\/es\/wp-json\/wp\/v2\/types\/project"}],"version-history":[{"count":1,"href":"https:\/\/minuartia.com\/es\/wp-json\/wp\/v2\/project\/6440\/revisions"}],"predecessor-version":[{"id":7243,"href":"https:\/\/minuartia.com\/es\/wp-json\/wp\/v2\/project\/6440\/revisions\/7243"}],"wp:featuredmedia":[{"embeddable":true,"href":"https:\/\/minuartia.com\/es\/wp-json\/wp\/v2\/media\/6196"}],"wp:attachment":[{"href":"https:\/\/minuartia.com\/es\/wp-json\/wp\/v2\/media?parent=6440"}],"wp:term":[{"taxonomy":"post_tag","embeddable":true,"href":"https:\/\/minuartia.com\/es\/wp-json\/wp\/v2\/tags?post=6440"},{"taxonomy":"projectes","embeddable":true,"href":"https:\/\/minuartia.com\/es\/wp-json\/wp\/v2\/projectes?post=6440"},{"taxonomy":"project-categories","embeddable":true,"href":"https:\/\/minuartia.com\/es\/wp-json\/wp\/v2\/project-categories?post=6440"}],"curies":[{"name":"wp","href":"https:\/\/api.w.org\/{rel}","templated":true}]}}