{"id":6432,"date":"2015-10-02T14:16:59","date_gmt":"2015-10-02T12:16:59","guid":{"rendered":"https:\/\/minuartia.prova.cat\/projects\/asistencia-tecnica-continuar-la-labor-del-grupo-de-trabajo-sobre-fragmentacion-de-habitats-causada-por-infraestructuras-de-transporte-de-la-comision-nacional-de-proteccion-de-la-naturaleza\/"},"modified":"2023-12-19T10:01:59","modified_gmt":"2023-12-19T09:01:59","slug":"asistencia-tecnica-continuar-la-labor-del-grupo-de-trabajo-sobre-fragmentacion-de-habitats-causada-por-infraestructuras-de-transporte-de-la-comision-nacional-de-proteccion-de-la-naturaleza","status":"publish","type":"project","link":"https:\/\/minuartia.com\/es\/project\/asistencia-tecnica-continuar-la-labor-del-grupo-de-trabajo-sobre-fragmentacion-de-habitats-causada-por-infraestructuras-de-transporte-de-la-comision-nacional-de-proteccion-de-la-naturaleza\/","title":{"rendered":"Asistencia t\u00e9cnica Continuar la labor del Grupo de Trabajo sobre fragmentaci\u00f3n de h\u00e1bitats causada por infraestructuras de transporte de la Comisi\u00f3n Nacional de Protecci\u00f3n de la Naturaleza."},"content":{"rendered":"<p>Direcci\u00f3n General de Medio Natural y Pol\u00edtica Forestal. Ministerio de Medio Ambiente Medio Rural y Marino.<\/p>\n","protected":false},"excerpt":{"rendered":"<p>Direcci\u00f3n General de Medio Natural y Pol\u00edtica Forestal. Ministerio de Medio Ambiente Medio Rural y Marino.<\/p>\n","protected":false},"featured_media":6053,"template":"","tags":[],"projectes":[],"project-categories":[2819],"class_list":["post-6432","project","type-project","status-publish","has-post-thumbnail","hentry","project-categories-infraestructuras-y-biodiversidad"],"acf":[],"yoast_head":"<!-- This site is optimized with the Yoast SEO plugin v27.5 - https:\/\/yoast.com\/product\/yoast-seo-wordpress\/ -->\n<title>Asistencia t\u00e9cnica Continuar la labor del Grupo de Trabajo sobre fragmentaci\u00f3n de h\u00e1bitats causada por infraestructuras de transporte de la Comisi\u00f3n Nacional de Protecci\u00f3n de la Naturaleza. | Minuartia<\/title>\n<meta name=\"description\" content=\"Direcci\u00f3n General de Medio Natural y Pol\u00edtica Forestal. Ministerio de Medio Ambiente Medio Rural y Marino.\" \/>\n<meta name=\"robots\" content=\"index, follow, max-snippet:-1, max-image-preview:large, max-video-preview:-1\" \/>\n<link rel=\"canonical\" href=\"https:\/\/minuartia.com\/es\/project\/asistencia-tecnica-continuar-la-labor-del-grupo-de-trabajo-sobre-fragmentacion-de-habitats-causada-por-infraestructuras-de-transporte-de-la-comision-nacional-de-proteccion-de-la-naturaleza\/\" \/>\n<meta property=\"og:locale\" content=\"es_ES\" \/>\n<meta property=\"og:type\" content=\"article\" \/>\n<meta property=\"og:title\" content=\"Asistencia t\u00e9cnica Continuar la labor del Grupo de Trabajo sobre fragmentaci\u00f3n de h\u00e1bitats causada por infraestructuras de transporte de la Comisi\u00f3n Nacional de Protecci\u00f3n de la Naturaleza. | Minuartia\" \/>\n<meta property=\"og:description\" content=\"Direcci\u00f3n General de Medio Natural y Pol\u00edtica Forestal. Ministerio de Medio Ambiente Medio Rural y Marino.\" \/>\n<meta property=\"og:url\" content=\"https:\/\/minuartia.com\/es\/project\/asistencia-tecnica-continuar-la-labor-del-grupo-de-trabajo-sobre-fragmentacion-de-habitats-causada-por-infraestructuras-de-transporte-de-la-comision-nacional-de-proteccion-de-la-naturaleza\/\" \/>\n<meta property=\"og:site_name\" content=\"Minuartia\" \/>\n<meta property=\"article:modified_time\" content=\"2023-12-19T09:01:59+00:00\" \/>\n<meta property=\"og:image\" content=\"https:\/\/minuartia.com\/wp-content\/uploads\/2023\/12\/Grupo-trabajo-fragmentacion-habitats-PT1.jpg\" \/>\n\t<meta property=\"og:image:width\" content=\"196\" \/>\n\t<meta property=\"og:image:height\" content=\"286\" \/>\n\t<meta property=\"og:image:type\" content=\"image\/jpeg\" \/>\n<meta name=\"twitter:card\" content=\"summary_large_image\" \/>\n<meta name=\"twitter:site\" content=\"@minuartia_tw\" \/>\n<meta name=\"twitter:label1\" content=\"Tiempo de lectura\" \/>\n\t<meta name=\"twitter:data1\" content=\"1 minuto\" \/>\n<script type=\"application\/ld+json\" class=\"yoast-schema-graph\">{\"@context\":\"https:\\\/\\\/schema.org\",\"@graph\":[{\"@type\":\"WebPage\",\"@id\":\"https:\\\/\\\/minuartia.com\\\/es\\\/project\\\/asistencia-tecnica-continuar-la-labor-del-grupo-de-trabajo-sobre-fragmentacion-de-habitats-causada-por-infraestructuras-de-transporte-de-la-comision-nacional-de-proteccion-de-la-naturaleza\\\/\",\"url\":\"https:\\\/\\\/minuartia.com\\\/es\\\/project\\\/asistencia-tecnica-continuar-la-labor-del-grupo-de-trabajo-sobre-fragmentacion-de-habitats-causada-por-infraestructuras-de-transporte-de-la-comision-nacional-de-proteccion-de-la-naturaleza\\\/\",\"name\":\"Asistencia t\u00e9cnica Continuar la labor del Grupo de Trabajo sobre fragmentaci\u00f3n de h\u00e1bitats causada por infraestructuras de transporte de la Comisi\u00f3n Nacional de Protecci\u00f3n de la Naturaleza. | Minuartia\",\"isPartOf\":{\"@id\":\"https:\\\/\\\/minuartia.com\\\/es\\\/#website\"},\"primaryImageOfPage\":{\"@id\":\"https:\\\/\\\/minuartia.com\\\/es\\\/project\\\/asistencia-tecnica-continuar-la-labor-del-grupo-de-trabajo-sobre-fragmentacion-de-habitats-causada-por-infraestructuras-de-transporte-de-la-comision-nacional-de-proteccion-de-la-naturaleza\\\/#primaryimage\"},\"image\":{\"@id\":\"https:\\\/\\\/minuartia.com\\\/es\\\/project\\\/asistencia-tecnica-continuar-la-labor-del-grupo-de-trabajo-sobre-fragmentacion-de-habitats-causada-por-infraestructuras-de-transporte-de-la-comision-nacional-de-proteccion-de-la-naturaleza\\\/#primaryimage\"},\"thumbnailUrl\":\"https:\\\/\\\/minuartia.com\\\/wp-content\\\/uploads\\\/2023\\\/12\\\/Grupo-trabajo-fragmentacion-habitats-PT1.jpg\",\"datePublished\":\"2015-10-02T12:16:59+00:00\",\"dateModified\":\"2023-12-19T09:01:59+00:00\",\"description\":\"Direcci\u00f3n General de Medio Natural y Pol\u00edtica Forestal. Ministerio de Medio Ambiente Medio Rural y Marino.\",\"breadcrumb\":{\"@id\":\"https:\\\/\\\/minuartia.com\\\/es\\\/project\\\/asistencia-tecnica-continuar-la-labor-del-grupo-de-trabajo-sobre-fragmentacion-de-habitats-causada-por-infraestructuras-de-transporte-de-la-comision-nacional-de-proteccion-de-la-naturaleza\\\/#breadcrumb\"},\"inLanguage\":\"es\",\"potentialAction\":[{\"@type\":\"ReadAction\",\"target\":[\"https:\\\/\\\/minuartia.com\\\/es\\\/project\\\/asistencia-tecnica-continuar-la-labor-del-grupo-de-trabajo-sobre-fragmentacion-de-habitats-causada-por-infraestructuras-de-transporte-de-la-comision-nacional-de-proteccion-de-la-naturaleza\\\/\"]}]},{\"@type\":\"ImageObject\",\"inLanguage\":\"es\",\"@id\":\"https:\\\/\\\/minuartia.com\\\/es\\\/project\\\/asistencia-tecnica-continuar-la-labor-del-grupo-de-trabajo-sobre-fragmentacion-de-habitats-causada-por-infraestructuras-de-transporte-de-la-comision-nacional-de-proteccion-de-la-naturaleza\\\/#primaryimage\",\"url\":\"https:\\\/\\\/minuartia.com\\\/wp-content\\\/uploads\\\/2023\\\/12\\\/Grupo-trabajo-fragmentacion-habitats-PT1.jpg\",\"contentUrl\":\"https:\\\/\\\/minuartia.com\\\/wp-content\\\/uploads\\\/2023\\\/12\\\/Grupo-trabajo-fragmentacion-habitats-PT1.jpg\",\"width\":196,\"height\":286},{\"@type\":\"BreadcrumbList\",\"@id\":\"https:\\\/\\\/minuartia.com\\\/es\\\/project\\\/asistencia-tecnica-continuar-la-labor-del-grupo-de-trabajo-sobre-fragmentacion-de-habitats-causada-por-infraestructuras-de-transporte-de-la-comision-nacional-de-proteccion-de-la-naturaleza\\\/#breadcrumb\",\"itemListElement\":[{\"@type\":\"ListItem\",\"position\":1,\"name\":\"Inici\",\"item\":\"https:\\\/\\\/minuartia.com\\\/es\\\/\"},{\"@type\":\"ListItem\",\"position\":2,\"name\":\"Projectes\",\"item\":\"https:\\\/\\\/minuartia.com\\\/es\\\/project\\\/\"},{\"@type\":\"ListItem\",\"position\":3,\"name\":\"Asistencia t\u00e9cnica Continuar la labor del Grupo de Trabajo sobre fragmentaci\u00f3n de h\u00e1bitats causada por infraestructuras de transporte de la Comisi\u00f3n Nacional de Protecci\u00f3n de la Naturaleza.\"}]},{\"@type\":\"WebSite\",\"@id\":\"https:\\\/\\\/minuartia.com\\\/es\\\/#website\",\"url\":\"https:\\\/\\\/minuartia.com\\\/es\\\/\",\"name\":\"Minuartia\",\"description\":\"Gesti\u00f3 i Conservaci\u00f3 de Fauna i Biodiversitat.\",\"publisher\":{\"@id\":\"https:\\\/\\\/minuartia.com\\\/es\\\/#organization\"},\"alternateName\":\"Coneixement aplicat en biodiversitat i gesti\u00f3 de fauna\",\"potentialAction\":[{\"@type\":\"SearchAction\",\"target\":{\"@type\":\"EntryPoint\",\"urlTemplate\":\"https:\\\/\\\/minuartia.com\\\/es\\\/?s={search_term_string}\"},\"query-input\":{\"@type\":\"PropertyValueSpecification\",\"valueRequired\":true,\"valueName\":\"search_term_string\"}}],\"inLanguage\":\"es\"},{\"@type\":\"Organization\",\"@id\":\"https:\\\/\\\/minuartia.com\\\/es\\\/#organization\",\"name\":\"Minuartia\",\"alternateName\":\"Minuartia\",\"url\":\"https:\\\/\\\/minuartia.com\\\/es\\\/\",\"logo\":{\"@type\":\"ImageObject\",\"inLanguage\":\"es\",\"@id\":\"https:\\\/\\\/minuartia.com\\\/es\\\/#\\\/schema\\\/logo\\\/image\\\/\",\"url\":\"https:\\\/\\\/minuartia.com\\\/wp-content\\\/uploads\\\/2023\\\/09\\\/OG-logo-MINUARTIA-RGB_transparent.png\",\"contentUrl\":\"https:\\\/\\\/minuartia.com\\\/wp-content\\\/uploads\\\/2023\\\/09\\\/OG-logo-MINUARTIA-RGB_transparent.png\",\"width\":1570,\"height\":701,\"caption\":\"Minuartia\"},\"image\":{\"@id\":\"https:\\\/\\\/minuartia.com\\\/es\\\/#\\\/schema\\\/logo\\\/image\\\/\"},\"sameAs\":[\"https:\\\/\\\/x.com\\\/minuartia_tw\",\"https:\\\/\\\/www.youtube.com\\\/user\\\/MINUARTIAwildlife?sub_confirmation=1\"]}]}<\/script>\n<!-- \/ Yoast SEO plugin. -->","yoast_head_json":{"title":"Asistencia t\u00e9cnica Continuar la labor del Grupo de Trabajo sobre fragmentaci\u00f3n de h\u00e1bitats causada por infraestructuras de transporte de la Comisi\u00f3n Nacional de Protecci\u00f3n de la Naturaleza. | Minuartia","description":"Direcci\u00f3n General de Medio Natural y Pol\u00edtica Forestal. Ministerio de Medio Ambiente Medio Rural y Marino.","robots":{"index":"index","follow":"follow","max-snippet":"max-snippet:-1","max-image-preview":"max-image-preview:large","max-video-preview":"max-video-preview:-1"},"canonical":"https:\/\/minuartia.com\/es\/project\/asistencia-tecnica-continuar-la-labor-del-grupo-de-trabajo-sobre-fragmentacion-de-habitats-causada-por-infraestructuras-de-transporte-de-la-comision-nacional-de-proteccion-de-la-naturaleza\/","og_locale":"es_ES","og_type":"article","og_title":"Asistencia t\u00e9cnica Continuar la labor del Grupo de Trabajo sobre fragmentaci\u00f3n de h\u00e1bitats causada por infraestructuras de transporte de la Comisi\u00f3n Nacional de Protecci\u00f3n de la Naturaleza. | Minuartia","og_description":"Direcci\u00f3n General de Medio Natural y Pol\u00edtica Forestal. Ministerio de Medio Ambiente Medio Rural y Marino.","og_url":"https:\/\/minuartia.com\/es\/project\/asistencia-tecnica-continuar-la-labor-del-grupo-de-trabajo-sobre-fragmentacion-de-habitats-causada-por-infraestructuras-de-transporte-de-la-comision-nacional-de-proteccion-de-la-naturaleza\/","og_site_name":"Minuartia","article_modified_time":"2023-12-19T09:01:59+00:00","og_image":[{"width":196,"height":286,"url":"https:\/\/minuartia.com\/wp-content\/uploads\/2023\/12\/Grupo-trabajo-fragmentacion-habitats-PT1.jpg","type":"image\/jpeg"}],"twitter_card":"summary_large_image","twitter_site":"@minuartia_tw","twitter_misc":{"Tiempo de lectura":"1 minuto"},"schema":{"@context":"https:\/\/schema.org","@graph":[{"@type":"WebPage","@id":"https:\/\/minuartia.com\/es\/project\/asistencia-tecnica-continuar-la-labor-del-grupo-de-trabajo-sobre-fragmentacion-de-habitats-causada-por-infraestructuras-de-transporte-de-la-comision-nacional-de-proteccion-de-la-naturaleza\/","url":"https:\/\/minuartia.com\/es\/project\/asistencia-tecnica-continuar-la-labor-del-grupo-de-trabajo-sobre-fragmentacion-de-habitats-causada-por-infraestructuras-de-transporte-de-la-comision-nacional-de-proteccion-de-la-naturaleza\/","name":"Asistencia t\u00e9cnica Continuar la labor del Grupo de Trabajo sobre fragmentaci\u00f3n de h\u00e1bitats causada por infraestructuras de transporte de la Comisi\u00f3n Nacional de Protecci\u00f3n de la Naturaleza. | Minuartia","isPartOf":{"@id":"https:\/\/minuartia.com\/es\/#website"},"primaryImageOfPage":{"@id":"https:\/\/minuartia.com\/es\/project\/asistencia-tecnica-continuar-la-labor-del-grupo-de-trabajo-sobre-fragmentacion-de-habitats-causada-por-infraestructuras-de-transporte-de-la-comision-nacional-de-proteccion-de-la-naturaleza\/#primaryimage"},"image":{"@id":"https:\/\/minuartia.com\/es\/project\/asistencia-tecnica-continuar-la-labor-del-grupo-de-trabajo-sobre-fragmentacion-de-habitats-causada-por-infraestructuras-de-transporte-de-la-comision-nacional-de-proteccion-de-la-naturaleza\/#primaryimage"},"thumbnailUrl":"https:\/\/minuartia.com\/wp-content\/uploads\/2023\/12\/Grupo-trabajo-fragmentacion-habitats-PT1.jpg","datePublished":"2015-10-02T12:16:59+00:00","dateModified":"2023-12-19T09:01:59+00:00","description":"Direcci\u00f3n General de Medio Natural y Pol\u00edtica Forestal. Ministerio de Medio Ambiente Medio Rural y Marino.","breadcrumb":{"@id":"https:\/\/minuartia.com\/es\/project\/asistencia-tecnica-continuar-la-labor-del-grupo-de-trabajo-sobre-fragmentacion-de-habitats-causada-por-infraestructuras-de-transporte-de-la-comision-nacional-de-proteccion-de-la-naturaleza\/#breadcrumb"},"inLanguage":"es","potentialAction":[{"@type":"ReadAction","target":["https:\/\/minuartia.com\/es\/project\/asistencia-tecnica-continuar-la-labor-del-grupo-de-trabajo-sobre-fragmentacion-de-habitats-causada-por-infraestructuras-de-transporte-de-la-comision-nacional-de-proteccion-de-la-naturaleza\/"]}]},{"@type":"ImageObject","inLanguage":"es","@id":"https:\/\/minuartia.com\/es\/project\/asistencia-tecnica-continuar-la-labor-del-grupo-de-trabajo-sobre-fragmentacion-de-habitats-causada-por-infraestructuras-de-transporte-de-la-comision-nacional-de-proteccion-de-la-naturaleza\/#primaryimage","url":"https:\/\/minuartia.com\/wp-content\/uploads\/2023\/12\/Grupo-trabajo-fragmentacion-habitats-PT1.jpg","contentUrl":"https:\/\/minuartia.com\/wp-content\/uploads\/2023\/12\/Grupo-trabajo-fragmentacion-habitats-PT1.jpg","width":196,"height":286},{"@type":"BreadcrumbList","@id":"https:\/\/minuartia.com\/es\/project\/asistencia-tecnica-continuar-la-labor-del-grupo-de-trabajo-sobre-fragmentacion-de-habitats-causada-por-infraestructuras-de-transporte-de-la-comision-nacional-de-proteccion-de-la-naturaleza\/#breadcrumb","itemListElement":[{"@type":"ListItem","position":1,"name":"Inici","item":"https:\/\/minuartia.com\/es\/"},{"@type":"ListItem","position":2,"name":"Projectes","item":"https:\/\/minuartia.com\/es\/project\/"},{"@type":"ListItem","position":3,"name":"Asistencia t\u00e9cnica Continuar la labor del Grupo de Trabajo sobre fragmentaci\u00f3n de h\u00e1bitats causada por infraestructuras de transporte de la Comisi\u00f3n Nacional de Protecci\u00f3n de la Naturaleza."}]},{"@type":"WebSite","@id":"https:\/\/minuartia.com\/es\/#website","url":"https:\/\/minuartia.com\/es\/","name":"Minuartia","description":"Gesti\u00f3 i Conservaci\u00f3 de Fauna i Biodiversitat.","publisher":{"@id":"https:\/\/minuartia.com\/es\/#organization"},"alternateName":"Coneixement aplicat en biodiversitat i gesti\u00f3 de fauna","potentialAction":[{"@type":"SearchAction","target":{"@type":"EntryPoint","urlTemplate":"https:\/\/minuartia.com\/es\/?s={search_term_string}"},"query-input":{"@type":"PropertyValueSpecification","valueRequired":true,"valueName":"search_term_string"}}],"inLanguage":"es"},{"@type":"Organization","@id":"https:\/\/minuartia.com\/es\/#organization","name":"Minuartia","alternateName":"Minuartia","url":"https:\/\/minuartia.com\/es\/","logo":{"@type":"ImageObject","inLanguage":"es","@id":"https:\/\/minuartia.com\/es\/#\/schema\/logo\/image\/","url":"https:\/\/minuartia.com\/wp-content\/uploads\/2023\/09\/OG-logo-MINUARTIA-RGB_transparent.png","contentUrl":"https:\/\/minuartia.com\/wp-content\/uploads\/2023\/09\/OG-logo-MINUARTIA-RGB_transparent.png","width":1570,"height":701,"caption":"Minuartia"},"image":{"@id":"https:\/\/minuartia.com\/es\/#\/schema\/logo\/image\/"},"sameAs":["https:\/\/x.com\/minuartia_tw","https:\/\/www.youtube.com\/user\/MINUARTIAwildlife?sub_confirmation=1"]}]}},"_links":{"self":[{"href":"https:\/\/minuartia.com\/es\/wp-json\/wp\/v2\/project\/6432","targetHints":{"allow":["GET"]}}],"collection":[{"href":"https:\/\/minuartia.com\/es\/wp-json\/wp\/v2\/project"}],"about":[{"href":"https:\/\/minuartia.com\/es\/wp-json\/wp\/v2\/types\/project"}],"version-history":[{"count":1,"href":"https:\/\/minuartia.com\/es\/wp-json\/wp\/v2\/project\/6432\/revisions"}],"predecessor-version":[{"id":7581,"href":"https:\/\/minuartia.com\/es\/wp-json\/wp\/v2\/project\/6432\/revisions\/7581"}],"wp:featuredmedia":[{"embeddable":true,"href":"https:\/\/minuartia.com\/es\/wp-json\/wp\/v2\/media\/6053"}],"wp:attachment":[{"href":"https:\/\/minuartia.com\/es\/wp-json\/wp\/v2\/media?parent=6432"}],"wp:term":[{"taxonomy":"post_tag","embeddable":true,"href":"https:\/\/minuartia.com\/es\/wp-json\/wp\/v2\/tags?post=6432"},{"taxonomy":"projectes","embeddable":true,"href":"https:\/\/minuartia.com\/es\/wp-json\/wp\/v2\/projectes?post=6432"},{"taxonomy":"project-categories","embeddable":true,"href":"https:\/\/minuartia.com\/es\/wp-json\/wp\/v2\/project-categories?post=6432"}],"curies":[{"name":"wp","href":"https:\/\/api.w.org\/{rel}","templated":true}]}}