{"id":6372,"date":"2018-04-10T10:30:11","date_gmt":"2018-04-10T08:30:11","guid":{"rendered":"https:\/\/minuartia.prova.cat\/projects\/evaluation-of-demographic-trends-and-measures-to-reduce-damage-caused-by-ungulates-in-the-aiguamolls-de-lemporda-natural-park\/"},"modified":"2023-12-21T20:29:43","modified_gmt":"2023-12-21T19:29:43","slug":"evaluation-of-demographic-trends-and-measures-to-reduce-damage-caused-by-ungulates-in-the-aiguamolls-de-lemporda-natural-park","status":"publish","type":"project","link":"https:\/\/minuartia.com\/en\/project\/evaluation-of-demographic-trends-and-measures-to-reduce-damage-caused-by-ungulates-in-the-aiguamolls-de-lemporda-natural-park\/","title":{"rendered":"Evaluation of demographic trends and measures to reduce damage caused by ungulates in the Aiguamolls de l&#8217;Empord\u00e0 Natural Park"},"content":{"rendered":"<h3>Aiguamolls de l&#8217;Empord\u00e0 Natural Park<br \/>\n2000-2020<\/h3>\n<p>in the management of fallow deer and wild boar populations in the Aiguamolls de l&#8217;Empord\u00e0 Natural Park. The tasks consist of monitoring the populations, proposing measures for their management, and monitoring the effectiveness of the proposed measures. The annual reports allow us to guide the management of these species to adapt to new situations and to control density and reduce the conflicts they cause.<\/p>\n","protected":false},"excerpt":{"rendered":"<p>Aiguamolls de l&#8217;Empord\u00e0 Natural Park 2000-2020 in the management of fallow deer and wild boar populations in the Aiguamolls de l&#8217;Empord\u00e0 Natural Park. The tasks consist of monitoring the populations, proposing measures for their management, and monitoring the effectiveness of the proposed measures. The annual reports allow us to guide the management of these species [&hellip;]<\/p>\n","protected":false},"featured_media":6203,"template":"","tags":[2778,1672,1802,2587,2417],"projectes":[],"project-categories":[2810,2812,2822],"class_list":["post-6372","project","type-project","status-publish","has-post-thumbnail","hentry","tag-biodiversity-conservation-en","tag-conservacion-biodiversidad-en","tag-daina-2-en","tag-porc-senglar","tag-wildlife-conflicts","project-categories-conflicts-with-fauna","project-categories-conservation-of-nature","project-categories-monitoring-of-fauna-and-flora"],"acf":[],"yoast_head":"<!-- This site is optimized with the Yoast SEO plugin v27.4 - https:\/\/yoast.com\/product\/yoast-seo-wordpress\/ -->\n<title>Evaluation of demographic trends and measures to reduce damage caused by ungulates in the Aiguamolls de l&#039;Empord\u00e0 Natural Park | Minuartia<\/title>\n<meta name=\"description\" content=\"Aiguamolls de l&#039;Empord\u00e0 Natural Park 2000-2020 in the management of fallow deer and wild boar populations in the Aiguamolls de l&#039;Empord\u00e0 Natural Park. The\" \/>\n<meta name=\"robots\" content=\"index, follow, max-snippet:-1, max-image-preview:large, max-video-preview:-1\" \/>\n<link rel=\"canonical\" href=\"https:\/\/minuartia.com\/en\/project\/evaluation-of-demographic-trends-and-measures-to-reduce-damage-caused-by-ungulates-in-the-aiguamolls-de-lemporda-natural-park\/\" \/>\n<meta property=\"og:locale\" content=\"en_US\" \/>\n<meta property=\"og:type\" content=\"article\" \/>\n<meta property=\"og:title\" content=\"Evaluation of demographic trends and measures to reduce damage caused by ungulates in the Aiguamolls de l&#039;Empord\u00e0 Natural Park | Minuartia\" \/>\n<meta property=\"og:description\" content=\"Aiguamolls de l&#039;Empord\u00e0 Natural Park 2000-2020 in the management of fallow deer and wild boar populations in the Aiguamolls de l&#039;Empord\u00e0 Natural Park. The\" \/>\n<meta property=\"og:url\" content=\"https:\/\/minuartia.com\/en\/project\/evaluation-of-demographic-trends-and-measures-to-reduce-damage-caused-by-ungulates-in-the-aiguamolls-de-lemporda-natural-park\/\" \/>\n<meta property=\"og:site_name\" content=\"Minuartia\" \/>\n<meta property=\"article:modified_time\" content=\"2023-12-21T19:29:43+00:00\" \/>\n<meta property=\"og:image\" content=\"https:\/\/minuartia.com\/wp-content\/uploads\/2023\/12\/evaluacin-de-las-tendencias-demogrficas-y-medidas-para-reducir-los-daos-causados-por-ungulados-en-el-parc-natural-dels-aiguamolls-de-lempord.jpg\" \/>\n\t<meta property=\"og:image:width\" content=\"975\" \/>\n\t<meta property=\"og:image:height\" content=\"699\" \/>\n\t<meta property=\"og:image:type\" content=\"image\/jpeg\" \/>\n<meta name=\"twitter:card\" content=\"summary_large_image\" \/>\n<meta name=\"twitter:site\" content=\"@minuartia_tw\" \/>\n<meta name=\"twitter:label1\" content=\"Est. reading time\" \/>\n\t<meta name=\"twitter:data1\" content=\"1 minute\" \/>\n<script type=\"application\/ld+json\" class=\"yoast-schema-graph\">{\"@context\":\"https:\\\/\\\/schema.org\",\"@graph\":[{\"@type\":\"WebPage\",\"@id\":\"https:\\\/\\\/minuartia.com\\\/en\\\/project\\\/evaluation-of-demographic-trends-and-measures-to-reduce-damage-caused-by-ungulates-in-the-aiguamolls-de-lemporda-natural-park\\\/\",\"url\":\"https:\\\/\\\/minuartia.com\\\/en\\\/project\\\/evaluation-of-demographic-trends-and-measures-to-reduce-damage-caused-by-ungulates-in-the-aiguamolls-de-lemporda-natural-park\\\/\",\"name\":\"Evaluation of demographic trends and measures to reduce damage caused by ungulates in the Aiguamolls de l'Empord\u00e0 Natural Park | Minuartia\",\"isPartOf\":{\"@id\":\"https:\\\/\\\/minuartia.com\\\/en\\\/#website\"},\"primaryImageOfPage\":{\"@id\":\"https:\\\/\\\/minuartia.com\\\/en\\\/project\\\/evaluation-of-demographic-trends-and-measures-to-reduce-damage-caused-by-ungulates-in-the-aiguamolls-de-lemporda-natural-park\\\/#primaryimage\"},\"image\":{\"@id\":\"https:\\\/\\\/minuartia.com\\\/en\\\/project\\\/evaluation-of-demographic-trends-and-measures-to-reduce-damage-caused-by-ungulates-in-the-aiguamolls-de-lemporda-natural-park\\\/#primaryimage\"},\"thumbnailUrl\":\"https:\\\/\\\/minuartia.com\\\/wp-content\\\/uploads\\\/2023\\\/12\\\/evaluacin-de-las-tendencias-demogrficas-y-medidas-para-reducir-los-daos-causados-por-ungulados-en-el-parc-natural-dels-aiguamolls-de-lempord.jpg\",\"datePublished\":\"2018-04-10T08:30:11+00:00\",\"dateModified\":\"2023-12-21T19:29:43+00:00\",\"description\":\"Aiguamolls de l'Empord\u00e0 Natural Park 2000-2020 in the management of fallow deer and wild boar populations in the Aiguamolls de l'Empord\u00e0 Natural Park. The\",\"breadcrumb\":{\"@id\":\"https:\\\/\\\/minuartia.com\\\/en\\\/project\\\/evaluation-of-demographic-trends-and-measures-to-reduce-damage-caused-by-ungulates-in-the-aiguamolls-de-lemporda-natural-park\\\/#breadcrumb\"},\"inLanguage\":\"en-US\",\"potentialAction\":[{\"@type\":\"ReadAction\",\"target\":[\"https:\\\/\\\/minuartia.com\\\/en\\\/project\\\/evaluation-of-demographic-trends-and-measures-to-reduce-damage-caused-by-ungulates-in-the-aiguamolls-de-lemporda-natural-park\\\/\"]}]},{\"@type\":\"ImageObject\",\"inLanguage\":\"en-US\",\"@id\":\"https:\\\/\\\/minuartia.com\\\/en\\\/project\\\/evaluation-of-demographic-trends-and-measures-to-reduce-damage-caused-by-ungulates-in-the-aiguamolls-de-lemporda-natural-park\\\/#primaryimage\",\"url\":\"https:\\\/\\\/minuartia.com\\\/wp-content\\\/uploads\\\/2023\\\/12\\\/evaluacin-de-las-tendencias-demogrficas-y-medidas-para-reducir-los-daos-causados-por-ungulados-en-el-parc-natural-dels-aiguamolls-de-lempord.jpg\",\"contentUrl\":\"https:\\\/\\\/minuartia.com\\\/wp-content\\\/uploads\\\/2023\\\/12\\\/evaluacin-de-las-tendencias-demogrficas-y-medidas-para-reducir-los-daos-causados-por-ungulados-en-el-parc-natural-dels-aiguamolls-de-lempord.jpg\",\"width\":975,\"height\":699},{\"@type\":\"BreadcrumbList\",\"@id\":\"https:\\\/\\\/minuartia.com\\\/en\\\/project\\\/evaluation-of-demographic-trends-and-measures-to-reduce-damage-caused-by-ungulates-in-the-aiguamolls-de-lemporda-natural-park\\\/#breadcrumb\",\"itemListElement\":[{\"@type\":\"ListItem\",\"position\":1,\"name\":\"Inici\",\"item\":\"https:\\\/\\\/minuartia.com\\\/en\\\/\"},{\"@type\":\"ListItem\",\"position\":2,\"name\":\"Projectes\",\"item\":\"https:\\\/\\\/minuartia.com\\\/en\\\/project\\\/\"},{\"@type\":\"ListItem\",\"position\":3,\"name\":\"Evaluation of demographic trends and measures to reduce damage caused by ungulates in the Aiguamolls de l&#8217;Empord\u00e0 Natural Park\"}]},{\"@type\":\"WebSite\",\"@id\":\"https:\\\/\\\/minuartia.com\\\/en\\\/#website\",\"url\":\"https:\\\/\\\/minuartia.com\\\/en\\\/\",\"name\":\"Minuartia\",\"description\":\"Gesti\u00f3 i Conservaci\u00f3 de Fauna i Biodiversitat.\",\"publisher\":{\"@id\":\"https:\\\/\\\/minuartia.com\\\/en\\\/#organization\"},\"alternateName\":\"Coneixement aplicat en biodiversitat i gesti\u00f3 de fauna\",\"potentialAction\":[{\"@type\":\"SearchAction\",\"target\":{\"@type\":\"EntryPoint\",\"urlTemplate\":\"https:\\\/\\\/minuartia.com\\\/en\\\/?s={search_term_string}\"},\"query-input\":{\"@type\":\"PropertyValueSpecification\",\"valueRequired\":true,\"valueName\":\"search_term_string\"}}],\"inLanguage\":\"en-US\"},{\"@type\":\"Organization\",\"@id\":\"https:\\\/\\\/minuartia.com\\\/en\\\/#organization\",\"name\":\"Minuartia\",\"alternateName\":\"Minuartia\",\"url\":\"https:\\\/\\\/minuartia.com\\\/en\\\/\",\"logo\":{\"@type\":\"ImageObject\",\"inLanguage\":\"en-US\",\"@id\":\"https:\\\/\\\/minuartia.com\\\/en\\\/#\\\/schema\\\/logo\\\/image\\\/\",\"url\":\"https:\\\/\\\/minuartia.com\\\/wp-content\\\/uploads\\\/2023\\\/09\\\/OG-logo-MINUARTIA-RGB_transparent.png\",\"contentUrl\":\"https:\\\/\\\/minuartia.com\\\/wp-content\\\/uploads\\\/2023\\\/09\\\/OG-logo-MINUARTIA-RGB_transparent.png\",\"width\":1570,\"height\":701,\"caption\":\"Minuartia\"},\"image\":{\"@id\":\"https:\\\/\\\/minuartia.com\\\/en\\\/#\\\/schema\\\/logo\\\/image\\\/\"},\"sameAs\":[\"https:\\\/\\\/x.com\\\/minuartia_tw\",\"https:\\\/\\\/www.youtube.com\\\/user\\\/MINUARTIAwildlife?sub_confirmation=1\"]}]}<\/script>\n<!-- \/ Yoast SEO plugin. -->","yoast_head_json":{"title":"Evaluation of demographic trends and measures to reduce damage caused by ungulates in the Aiguamolls de l'Empord\u00e0 Natural Park | Minuartia","description":"Aiguamolls de l'Empord\u00e0 Natural Park 2000-2020 in the management of fallow deer and wild boar populations in the Aiguamolls de l'Empord\u00e0 Natural Park. The","robots":{"index":"index","follow":"follow","max-snippet":"max-snippet:-1","max-image-preview":"max-image-preview:large","max-video-preview":"max-video-preview:-1"},"canonical":"https:\/\/minuartia.com\/en\/project\/evaluation-of-demographic-trends-and-measures-to-reduce-damage-caused-by-ungulates-in-the-aiguamolls-de-lemporda-natural-park\/","og_locale":"en_US","og_type":"article","og_title":"Evaluation of demographic trends and measures to reduce damage caused by ungulates in the Aiguamolls de l'Empord\u00e0 Natural Park | Minuartia","og_description":"Aiguamolls de l'Empord\u00e0 Natural Park 2000-2020 in the management of fallow deer and wild boar populations in the Aiguamolls de l'Empord\u00e0 Natural Park. The","og_url":"https:\/\/minuartia.com\/en\/project\/evaluation-of-demographic-trends-and-measures-to-reduce-damage-caused-by-ungulates-in-the-aiguamolls-de-lemporda-natural-park\/","og_site_name":"Minuartia","article_modified_time":"2023-12-21T19:29:43+00:00","og_image":[{"width":975,"height":699,"url":"https:\/\/minuartia.com\/wp-content\/uploads\/2023\/12\/evaluacin-de-las-tendencias-demogrficas-y-medidas-para-reducir-los-daos-causados-por-ungulados-en-el-parc-natural-dels-aiguamolls-de-lempord.jpg","type":"image\/jpeg"}],"twitter_card":"summary_large_image","twitter_site":"@minuartia_tw","twitter_misc":{"Est. reading time":"1 minute"},"schema":{"@context":"https:\/\/schema.org","@graph":[{"@type":"WebPage","@id":"https:\/\/minuartia.com\/en\/project\/evaluation-of-demographic-trends-and-measures-to-reduce-damage-caused-by-ungulates-in-the-aiguamolls-de-lemporda-natural-park\/","url":"https:\/\/minuartia.com\/en\/project\/evaluation-of-demographic-trends-and-measures-to-reduce-damage-caused-by-ungulates-in-the-aiguamolls-de-lemporda-natural-park\/","name":"Evaluation of demographic trends and measures to reduce damage caused by ungulates in the Aiguamolls de l'Empord\u00e0 Natural Park | Minuartia","isPartOf":{"@id":"https:\/\/minuartia.com\/en\/#website"},"primaryImageOfPage":{"@id":"https:\/\/minuartia.com\/en\/project\/evaluation-of-demographic-trends-and-measures-to-reduce-damage-caused-by-ungulates-in-the-aiguamolls-de-lemporda-natural-park\/#primaryimage"},"image":{"@id":"https:\/\/minuartia.com\/en\/project\/evaluation-of-demographic-trends-and-measures-to-reduce-damage-caused-by-ungulates-in-the-aiguamolls-de-lemporda-natural-park\/#primaryimage"},"thumbnailUrl":"https:\/\/minuartia.com\/wp-content\/uploads\/2023\/12\/evaluacin-de-las-tendencias-demogrficas-y-medidas-para-reducir-los-daos-causados-por-ungulados-en-el-parc-natural-dels-aiguamolls-de-lempord.jpg","datePublished":"2018-04-10T08:30:11+00:00","dateModified":"2023-12-21T19:29:43+00:00","description":"Aiguamolls de l'Empord\u00e0 Natural Park 2000-2020 in the management of fallow deer and wild boar populations in the Aiguamolls de l'Empord\u00e0 Natural Park. The","breadcrumb":{"@id":"https:\/\/minuartia.com\/en\/project\/evaluation-of-demographic-trends-and-measures-to-reduce-damage-caused-by-ungulates-in-the-aiguamolls-de-lemporda-natural-park\/#breadcrumb"},"inLanguage":"en-US","potentialAction":[{"@type":"ReadAction","target":["https:\/\/minuartia.com\/en\/project\/evaluation-of-demographic-trends-and-measures-to-reduce-damage-caused-by-ungulates-in-the-aiguamolls-de-lemporda-natural-park\/"]}]},{"@type":"ImageObject","inLanguage":"en-US","@id":"https:\/\/minuartia.com\/en\/project\/evaluation-of-demographic-trends-and-measures-to-reduce-damage-caused-by-ungulates-in-the-aiguamolls-de-lemporda-natural-park\/#primaryimage","url":"https:\/\/minuartia.com\/wp-content\/uploads\/2023\/12\/evaluacin-de-las-tendencias-demogrficas-y-medidas-para-reducir-los-daos-causados-por-ungulados-en-el-parc-natural-dels-aiguamolls-de-lempord.jpg","contentUrl":"https:\/\/minuartia.com\/wp-content\/uploads\/2023\/12\/evaluacin-de-las-tendencias-demogrficas-y-medidas-para-reducir-los-daos-causados-por-ungulados-en-el-parc-natural-dels-aiguamolls-de-lempord.jpg","width":975,"height":699},{"@type":"BreadcrumbList","@id":"https:\/\/minuartia.com\/en\/project\/evaluation-of-demographic-trends-and-measures-to-reduce-damage-caused-by-ungulates-in-the-aiguamolls-de-lemporda-natural-park\/#breadcrumb","itemListElement":[{"@type":"ListItem","position":1,"name":"Inici","item":"https:\/\/minuartia.com\/en\/"},{"@type":"ListItem","position":2,"name":"Projectes","item":"https:\/\/minuartia.com\/en\/project\/"},{"@type":"ListItem","position":3,"name":"Evaluation of demographic trends and measures to reduce damage caused by ungulates in the Aiguamolls de l&#8217;Empord\u00e0 Natural Park"}]},{"@type":"WebSite","@id":"https:\/\/minuartia.com\/en\/#website","url":"https:\/\/minuartia.com\/en\/","name":"Minuartia","description":"Gesti\u00f3 i Conservaci\u00f3 de Fauna i Biodiversitat.","publisher":{"@id":"https:\/\/minuartia.com\/en\/#organization"},"alternateName":"Coneixement aplicat en biodiversitat i gesti\u00f3 de fauna","potentialAction":[{"@type":"SearchAction","target":{"@type":"EntryPoint","urlTemplate":"https:\/\/minuartia.com\/en\/?s={search_term_string}"},"query-input":{"@type":"PropertyValueSpecification","valueRequired":true,"valueName":"search_term_string"}}],"inLanguage":"en-US"},{"@type":"Organization","@id":"https:\/\/minuartia.com\/en\/#organization","name":"Minuartia","alternateName":"Minuartia","url":"https:\/\/minuartia.com\/en\/","logo":{"@type":"ImageObject","inLanguage":"en-US","@id":"https:\/\/minuartia.com\/en\/#\/schema\/logo\/image\/","url":"https:\/\/minuartia.com\/wp-content\/uploads\/2023\/09\/OG-logo-MINUARTIA-RGB_transparent.png","contentUrl":"https:\/\/minuartia.com\/wp-content\/uploads\/2023\/09\/OG-logo-MINUARTIA-RGB_transparent.png","width":1570,"height":701,"caption":"Minuartia"},"image":{"@id":"https:\/\/minuartia.com\/en\/#\/schema\/logo\/image\/"},"sameAs":["https:\/\/x.com\/minuartia_tw","https:\/\/www.youtube.com\/user\/MINUARTIAwildlife?sub_confirmation=1"]}]}},"_links":{"self":[{"href":"https:\/\/minuartia.com\/en\/wp-json\/wp\/v2\/project\/6372","targetHints":{"allow":["GET"]}}],"collection":[{"href":"https:\/\/minuartia.com\/en\/wp-json\/wp\/v2\/project"}],"about":[{"href":"https:\/\/minuartia.com\/en\/wp-json\/wp\/v2\/types\/project"}],"version-history":[{"count":1,"href":"https:\/\/minuartia.com\/en\/wp-json\/wp\/v2\/project\/6372\/revisions"}],"predecessor-version":[{"id":7569,"href":"https:\/\/minuartia.com\/en\/wp-json\/wp\/v2\/project\/6372\/revisions\/7569"}],"wp:featuredmedia":[{"embeddable":true,"href":"https:\/\/minuartia.com\/en\/wp-json\/wp\/v2\/media\/6203"}],"wp:attachment":[{"href":"https:\/\/minuartia.com\/en\/wp-json\/wp\/v2\/media?parent=6372"}],"wp:term":[{"taxonomy":"post_tag","embeddable":true,"href":"https:\/\/minuartia.com\/en\/wp-json\/wp\/v2\/tags?post=6372"},{"taxonomy":"projectes","embeddable":true,"href":"https:\/\/minuartia.com\/en\/wp-json\/wp\/v2\/projectes?post=6372"},{"taxonomy":"project-categories","embeddable":true,"href":"https:\/\/minuartia.com\/en\/wp-json\/wp\/v2\/project-categories?post=6372"}],"curies":[{"name":"wp","href":"https:\/\/api.w.org\/{rel}","templated":true}]}}