{"id":6348,"date":"2015-10-02T14:09:13","date_gmt":"2015-10-02T12:09:13","guid":{"rendered":"https:\/\/minuartia.prova.cat\/projects\/redaccion-del-plan-de-mejora-de-la-conectividad-ecologica-en-andalucia-en-el-marco-de-los-planes-de-gestion-de-especies-y-habitats-amenazados\/"},"modified":"2023-12-19T11:10:33","modified_gmt":"2023-12-19T10:10:33","slug":"redaccion-del-plan-de-mejora-de-la-conectividad-ecologica-en-andalucia-en-el-marco-de-los-planes-de-gestion-de-especies-y-habitats-amenazados","status":"publish","type":"project","link":"https:\/\/minuartia.com\/en\/project\/redaccion-del-plan-de-mejora-de-la-conectividad-ecologica-en-andalucia-en-el-marco-de-los-planes-de-gestion-de-especies-y-habitats-amenazados\/","title":{"rendered":"Redacci\u00f3n del plan de mejora de la conectividad ecol\u00f3gica en Andaluc\u00eda en el marco de los planes de gesti\u00f3n de especies y h\u00e1bitats amenazados."},"content":{"rendered":"<p>EGMASA &#8211; Consejer\u00eda de Medio Ambiente. Junta de Andaluc\u00eda.<\/p>\n","protected":false},"excerpt":{"rendered":"<p>EGMASA &#8211; Consejer\u00eda de Medio Ambiente. Junta de Andaluc\u00eda.<\/p>\n","protected":false},"featured_media":6068,"template":"","tags":[],"projectes":[],"project-categories":[2812,2822],"class_list":["post-6348","project","type-project","status-publish","has-post-thumbnail","hentry","project-categories-conservation-of-nature","project-categories-monitoring-of-fauna-and-flora"],"acf":[],"yoast_head":"<!-- This site is optimized with the Yoast SEO plugin v27.4 - https:\/\/yoast.com\/product\/yoast-seo-wordpress\/ -->\n<title>Redacci\u00f3n del plan de mejora de la conectividad ecol\u00f3gica en Andaluc\u00eda en el marco de los planes de gesti\u00f3n de especies y h\u00e1bitats amenazados. | Minuartia<\/title>\n<meta name=\"description\" content=\"EGMASA - Consejer\u00eda de Medio Ambiente. Junta de Andaluc\u00eda.\" \/>\n<meta name=\"robots\" content=\"index, follow, max-snippet:-1, max-image-preview:large, max-video-preview:-1\" \/>\n<link rel=\"canonical\" href=\"https:\/\/minuartia.com\/en\/project\/redaccion-del-plan-de-mejora-de-la-conectividad-ecologica-en-andalucia-en-el-marco-de-los-planes-de-gestion-de-especies-y-habitats-amenazados\/\" \/>\n<meta property=\"og:locale\" content=\"en_US\" \/>\n<meta property=\"og:type\" content=\"article\" \/>\n<meta property=\"og:title\" content=\"Redacci\u00f3n del plan de mejora de la conectividad ecol\u00f3gica en Andaluc\u00eda en el marco de los planes de gesti\u00f3n de especies y h\u00e1bitats amenazados. | Minuartia\" \/>\n<meta property=\"og:description\" content=\"EGMASA - Consejer\u00eda de Medio Ambiente. Junta de Andaluc\u00eda.\" \/>\n<meta property=\"og:url\" content=\"https:\/\/minuartia.com\/en\/project\/redaccion-del-plan-de-mejora-de-la-conectividad-ecologica-en-andalucia-en-el-marco-de-los-planes-de-gestion-de-especies-y-habitats-amenazados\/\" \/>\n<meta property=\"og:site_name\" content=\"Minuartia\" \/>\n<meta property=\"article:modified_time\" content=\"2023-12-19T10:10:33+00:00\" \/>\n<meta property=\"og:image\" content=\"https:\/\/minuartia.com\/wp-content\/uploads\/2023\/12\/Plan-mejora-conectividad-ecologica-Andalucia.jpg\" \/>\n\t<meta property=\"og:image:width\" content=\"854\" \/>\n\t<meta property=\"og:image:height\" content=\"552\" \/>\n\t<meta property=\"og:image:type\" content=\"image\/jpeg\" \/>\n<meta name=\"twitter:card\" content=\"summary_large_image\" \/>\n<meta name=\"twitter:site\" content=\"@minuartia_tw\" \/>\n<meta name=\"twitter:label1\" content=\"Est. reading time\" \/>\n\t<meta name=\"twitter:data1\" content=\"1 minute\" \/>\n<script type=\"application\/ld+json\" class=\"yoast-schema-graph\">{\"@context\":\"https:\\\/\\\/schema.org\",\"@graph\":[{\"@type\":\"WebPage\",\"@id\":\"https:\\\/\\\/minuartia.com\\\/en\\\/project\\\/redaccion-del-plan-de-mejora-de-la-conectividad-ecologica-en-andalucia-en-el-marco-de-los-planes-de-gestion-de-especies-y-habitats-amenazados\\\/\",\"url\":\"https:\\\/\\\/minuartia.com\\\/en\\\/project\\\/redaccion-del-plan-de-mejora-de-la-conectividad-ecologica-en-andalucia-en-el-marco-de-los-planes-de-gestion-de-especies-y-habitats-amenazados\\\/\",\"name\":\"Redacci\u00f3n del plan de mejora de la conectividad ecol\u00f3gica en Andaluc\u00eda en el marco de los planes de gesti\u00f3n de especies y h\u00e1bitats amenazados. | Minuartia\",\"isPartOf\":{\"@id\":\"https:\\\/\\\/minuartia.com\\\/en\\\/#website\"},\"primaryImageOfPage\":{\"@id\":\"https:\\\/\\\/minuartia.com\\\/en\\\/project\\\/redaccion-del-plan-de-mejora-de-la-conectividad-ecologica-en-andalucia-en-el-marco-de-los-planes-de-gestion-de-especies-y-habitats-amenazados\\\/#primaryimage\"},\"image\":{\"@id\":\"https:\\\/\\\/minuartia.com\\\/en\\\/project\\\/redaccion-del-plan-de-mejora-de-la-conectividad-ecologica-en-andalucia-en-el-marco-de-los-planes-de-gestion-de-especies-y-habitats-amenazados\\\/#primaryimage\"},\"thumbnailUrl\":\"https:\\\/\\\/minuartia.com\\\/wp-content\\\/uploads\\\/2023\\\/12\\\/Plan-mejora-conectividad-ecologica-Andalucia.jpg\",\"datePublished\":\"2015-10-02T12:09:13+00:00\",\"dateModified\":\"2023-12-19T10:10:33+00:00\",\"description\":\"EGMASA - Consejer\u00eda de Medio Ambiente. Junta de Andaluc\u00eda.\",\"breadcrumb\":{\"@id\":\"https:\\\/\\\/minuartia.com\\\/en\\\/project\\\/redaccion-del-plan-de-mejora-de-la-conectividad-ecologica-en-andalucia-en-el-marco-de-los-planes-de-gestion-de-especies-y-habitats-amenazados\\\/#breadcrumb\"},\"inLanguage\":\"en-US\",\"potentialAction\":[{\"@type\":\"ReadAction\",\"target\":[\"https:\\\/\\\/minuartia.com\\\/en\\\/project\\\/redaccion-del-plan-de-mejora-de-la-conectividad-ecologica-en-andalucia-en-el-marco-de-los-planes-de-gestion-de-especies-y-habitats-amenazados\\\/\"]}]},{\"@type\":\"ImageObject\",\"inLanguage\":\"en-US\",\"@id\":\"https:\\\/\\\/minuartia.com\\\/en\\\/project\\\/redaccion-del-plan-de-mejora-de-la-conectividad-ecologica-en-andalucia-en-el-marco-de-los-planes-de-gestion-de-especies-y-habitats-amenazados\\\/#primaryimage\",\"url\":\"https:\\\/\\\/minuartia.com\\\/wp-content\\\/uploads\\\/2023\\\/12\\\/Plan-mejora-conectividad-ecologica-Andalucia.jpg\",\"contentUrl\":\"https:\\\/\\\/minuartia.com\\\/wp-content\\\/uploads\\\/2023\\\/12\\\/Plan-mejora-conectividad-ecologica-Andalucia.jpg\",\"width\":854,\"height\":552},{\"@type\":\"BreadcrumbList\",\"@id\":\"https:\\\/\\\/minuartia.com\\\/en\\\/project\\\/redaccion-del-plan-de-mejora-de-la-conectividad-ecologica-en-andalucia-en-el-marco-de-los-planes-de-gestion-de-especies-y-habitats-amenazados\\\/#breadcrumb\",\"itemListElement\":[{\"@type\":\"ListItem\",\"position\":1,\"name\":\"Inici\",\"item\":\"https:\\\/\\\/minuartia.com\\\/en\\\/\"},{\"@type\":\"ListItem\",\"position\":2,\"name\":\"Projectes\",\"item\":\"https:\\\/\\\/minuartia.com\\\/en\\\/project\\\/\"},{\"@type\":\"ListItem\",\"position\":3,\"name\":\"Redacci\u00f3n del plan de mejora de la conectividad ecol\u00f3gica en Andaluc\u00eda en el marco de los planes de gesti\u00f3n de especies y h\u00e1bitats amenazados.\"}]},{\"@type\":\"WebSite\",\"@id\":\"https:\\\/\\\/minuartia.com\\\/en\\\/#website\",\"url\":\"https:\\\/\\\/minuartia.com\\\/en\\\/\",\"name\":\"Minuartia\",\"description\":\"Gesti\u00f3 i Conservaci\u00f3 de Fauna i Biodiversitat.\",\"publisher\":{\"@id\":\"https:\\\/\\\/minuartia.com\\\/en\\\/#organization\"},\"alternateName\":\"Coneixement aplicat en biodiversitat i gesti\u00f3 de fauna\",\"potentialAction\":[{\"@type\":\"SearchAction\",\"target\":{\"@type\":\"EntryPoint\",\"urlTemplate\":\"https:\\\/\\\/minuartia.com\\\/en\\\/?s={search_term_string}\"},\"query-input\":{\"@type\":\"PropertyValueSpecification\",\"valueRequired\":true,\"valueName\":\"search_term_string\"}}],\"inLanguage\":\"en-US\"},{\"@type\":\"Organization\",\"@id\":\"https:\\\/\\\/minuartia.com\\\/en\\\/#organization\",\"name\":\"Minuartia\",\"alternateName\":\"Minuartia\",\"url\":\"https:\\\/\\\/minuartia.com\\\/en\\\/\",\"logo\":{\"@type\":\"ImageObject\",\"inLanguage\":\"en-US\",\"@id\":\"https:\\\/\\\/minuartia.com\\\/en\\\/#\\\/schema\\\/logo\\\/image\\\/\",\"url\":\"https:\\\/\\\/minuartia.com\\\/wp-content\\\/uploads\\\/2023\\\/09\\\/OG-logo-MINUARTIA-RGB_transparent.png\",\"contentUrl\":\"https:\\\/\\\/minuartia.com\\\/wp-content\\\/uploads\\\/2023\\\/09\\\/OG-logo-MINUARTIA-RGB_transparent.png\",\"width\":1570,\"height\":701,\"caption\":\"Minuartia\"},\"image\":{\"@id\":\"https:\\\/\\\/minuartia.com\\\/en\\\/#\\\/schema\\\/logo\\\/image\\\/\"},\"sameAs\":[\"https:\\\/\\\/x.com\\\/minuartia_tw\",\"https:\\\/\\\/www.youtube.com\\\/user\\\/MINUARTIAwildlife?sub_confirmation=1\"]}]}<\/script>\n<!-- \/ Yoast SEO plugin. -->","yoast_head_json":{"title":"Redacci\u00f3n del plan de mejora de la conectividad ecol\u00f3gica en Andaluc\u00eda en el marco de los planes de gesti\u00f3n de especies y h\u00e1bitats amenazados. | Minuartia","description":"EGMASA - Consejer\u00eda de Medio Ambiente. Junta de Andaluc\u00eda.","robots":{"index":"index","follow":"follow","max-snippet":"max-snippet:-1","max-image-preview":"max-image-preview:large","max-video-preview":"max-video-preview:-1"},"canonical":"https:\/\/minuartia.com\/en\/project\/redaccion-del-plan-de-mejora-de-la-conectividad-ecologica-en-andalucia-en-el-marco-de-los-planes-de-gestion-de-especies-y-habitats-amenazados\/","og_locale":"en_US","og_type":"article","og_title":"Redacci\u00f3n del plan de mejora de la conectividad ecol\u00f3gica en Andaluc\u00eda en el marco de los planes de gesti\u00f3n de especies y h\u00e1bitats amenazados. | Minuartia","og_description":"EGMASA - Consejer\u00eda de Medio Ambiente. Junta de Andaluc\u00eda.","og_url":"https:\/\/minuartia.com\/en\/project\/redaccion-del-plan-de-mejora-de-la-conectividad-ecologica-en-andalucia-en-el-marco-de-los-planes-de-gestion-de-especies-y-habitats-amenazados\/","og_site_name":"Minuartia","article_modified_time":"2023-12-19T10:10:33+00:00","og_image":[{"width":854,"height":552,"url":"https:\/\/minuartia.com\/wp-content\/uploads\/2023\/12\/Plan-mejora-conectividad-ecologica-Andalucia.jpg","type":"image\/jpeg"}],"twitter_card":"summary_large_image","twitter_site":"@minuartia_tw","twitter_misc":{"Est. reading time":"1 minute"},"schema":{"@context":"https:\/\/schema.org","@graph":[{"@type":"WebPage","@id":"https:\/\/minuartia.com\/en\/project\/redaccion-del-plan-de-mejora-de-la-conectividad-ecologica-en-andalucia-en-el-marco-de-los-planes-de-gestion-de-especies-y-habitats-amenazados\/","url":"https:\/\/minuartia.com\/en\/project\/redaccion-del-plan-de-mejora-de-la-conectividad-ecologica-en-andalucia-en-el-marco-de-los-planes-de-gestion-de-especies-y-habitats-amenazados\/","name":"Redacci\u00f3n del plan de mejora de la conectividad ecol\u00f3gica en Andaluc\u00eda en el marco de los planes de gesti\u00f3n de especies y h\u00e1bitats amenazados. | Minuartia","isPartOf":{"@id":"https:\/\/minuartia.com\/en\/#website"},"primaryImageOfPage":{"@id":"https:\/\/minuartia.com\/en\/project\/redaccion-del-plan-de-mejora-de-la-conectividad-ecologica-en-andalucia-en-el-marco-de-los-planes-de-gestion-de-especies-y-habitats-amenazados\/#primaryimage"},"image":{"@id":"https:\/\/minuartia.com\/en\/project\/redaccion-del-plan-de-mejora-de-la-conectividad-ecologica-en-andalucia-en-el-marco-de-los-planes-de-gestion-de-especies-y-habitats-amenazados\/#primaryimage"},"thumbnailUrl":"https:\/\/minuartia.com\/wp-content\/uploads\/2023\/12\/Plan-mejora-conectividad-ecologica-Andalucia.jpg","datePublished":"2015-10-02T12:09:13+00:00","dateModified":"2023-12-19T10:10:33+00:00","description":"EGMASA - Consejer\u00eda de Medio Ambiente. Junta de Andaluc\u00eda.","breadcrumb":{"@id":"https:\/\/minuartia.com\/en\/project\/redaccion-del-plan-de-mejora-de-la-conectividad-ecologica-en-andalucia-en-el-marco-de-los-planes-de-gestion-de-especies-y-habitats-amenazados\/#breadcrumb"},"inLanguage":"en-US","potentialAction":[{"@type":"ReadAction","target":["https:\/\/minuartia.com\/en\/project\/redaccion-del-plan-de-mejora-de-la-conectividad-ecologica-en-andalucia-en-el-marco-de-los-planes-de-gestion-de-especies-y-habitats-amenazados\/"]}]},{"@type":"ImageObject","inLanguage":"en-US","@id":"https:\/\/minuartia.com\/en\/project\/redaccion-del-plan-de-mejora-de-la-conectividad-ecologica-en-andalucia-en-el-marco-de-los-planes-de-gestion-de-especies-y-habitats-amenazados\/#primaryimage","url":"https:\/\/minuartia.com\/wp-content\/uploads\/2023\/12\/Plan-mejora-conectividad-ecologica-Andalucia.jpg","contentUrl":"https:\/\/minuartia.com\/wp-content\/uploads\/2023\/12\/Plan-mejora-conectividad-ecologica-Andalucia.jpg","width":854,"height":552},{"@type":"BreadcrumbList","@id":"https:\/\/minuartia.com\/en\/project\/redaccion-del-plan-de-mejora-de-la-conectividad-ecologica-en-andalucia-en-el-marco-de-los-planes-de-gestion-de-especies-y-habitats-amenazados\/#breadcrumb","itemListElement":[{"@type":"ListItem","position":1,"name":"Inici","item":"https:\/\/minuartia.com\/en\/"},{"@type":"ListItem","position":2,"name":"Projectes","item":"https:\/\/minuartia.com\/en\/project\/"},{"@type":"ListItem","position":3,"name":"Redacci\u00f3n del plan de mejora de la conectividad ecol\u00f3gica en Andaluc\u00eda en el marco de los planes de gesti\u00f3n de especies y h\u00e1bitats amenazados."}]},{"@type":"WebSite","@id":"https:\/\/minuartia.com\/en\/#website","url":"https:\/\/minuartia.com\/en\/","name":"Minuartia","description":"Gesti\u00f3 i Conservaci\u00f3 de Fauna i Biodiversitat.","publisher":{"@id":"https:\/\/minuartia.com\/en\/#organization"},"alternateName":"Coneixement aplicat en biodiversitat i gesti\u00f3 de fauna","potentialAction":[{"@type":"SearchAction","target":{"@type":"EntryPoint","urlTemplate":"https:\/\/minuartia.com\/en\/?s={search_term_string}"},"query-input":{"@type":"PropertyValueSpecification","valueRequired":true,"valueName":"search_term_string"}}],"inLanguage":"en-US"},{"@type":"Organization","@id":"https:\/\/minuartia.com\/en\/#organization","name":"Minuartia","alternateName":"Minuartia","url":"https:\/\/minuartia.com\/en\/","logo":{"@type":"ImageObject","inLanguage":"en-US","@id":"https:\/\/minuartia.com\/en\/#\/schema\/logo\/image\/","url":"https:\/\/minuartia.com\/wp-content\/uploads\/2023\/09\/OG-logo-MINUARTIA-RGB_transparent.png","contentUrl":"https:\/\/minuartia.com\/wp-content\/uploads\/2023\/09\/OG-logo-MINUARTIA-RGB_transparent.png","width":1570,"height":701,"caption":"Minuartia"},"image":{"@id":"https:\/\/minuartia.com\/en\/#\/schema\/logo\/image\/"},"sameAs":["https:\/\/x.com\/minuartia_tw","https:\/\/www.youtube.com\/user\/MINUARTIAwildlife?sub_confirmation=1"]}]}},"_links":{"self":[{"href":"https:\/\/minuartia.com\/en\/wp-json\/wp\/v2\/project\/6348","targetHints":{"allow":["GET"]}}],"collection":[{"href":"https:\/\/minuartia.com\/en\/wp-json\/wp\/v2\/project"}],"about":[{"href":"https:\/\/minuartia.com\/en\/wp-json\/wp\/v2\/types\/project"}],"version-history":[{"count":1,"href":"https:\/\/minuartia.com\/en\/wp-json\/wp\/v2\/project\/6348\/revisions"}],"predecessor-version":[{"id":7779,"href":"https:\/\/minuartia.com\/en\/wp-json\/wp\/v2\/project\/6348\/revisions\/7779"}],"wp:featuredmedia":[{"embeddable":true,"href":"https:\/\/minuartia.com\/en\/wp-json\/wp\/v2\/media\/6068"}],"wp:attachment":[{"href":"https:\/\/minuartia.com\/en\/wp-json\/wp\/v2\/media?parent=6348"}],"wp:term":[{"taxonomy":"post_tag","embeddable":true,"href":"https:\/\/minuartia.com\/en\/wp-json\/wp\/v2\/tags?post=6348"},{"taxonomy":"projectes","embeddable":true,"href":"https:\/\/minuartia.com\/en\/wp-json\/wp\/v2\/projectes?post=6348"},{"taxonomy":"project-categories","embeddable":true,"href":"https:\/\/minuartia.com\/en\/wp-json\/wp\/v2\/project-categories?post=6348"}],"curies":[{"name":"wp","href":"https:\/\/api.w.org\/{rel}","templated":true}]}}